{"id":3966,"date":"2025-08-21T17:06:52","date_gmt":"2025-08-21T16:06:52","guid":{"rendered":"https:\/\/lesbruyeresdecarnac.com\/?page_id=3966"},"modified":"2025-09-11T14:09:40","modified_gmt":"2025-09-11T13:09:40","slug":"les-pirates-de-carnac","status":"publish","type":"page","link":"https:\/\/www.lespiratesdecarnac.com\/it\/les-pirates-de-carnac\/","title":{"rendered":"Les Pirates de Carnac"},"content":{"rendered":"\t\t<div data-elementor-type=\"wp-page\" data-elementor-id=\"3966\" class=\"elementor elementor-3966\" data-elementor-post-type=\"page\">\n\t\t\t\t<div class=\"elementor-element elementor-element-6c712e1b e-flex e-con-boxed e-con e-parent\" data-id=\"6c712e1b\" data-element_type=\"container\" data-e-type=\"container\" data-settings=\"{&quot;background_background&quot;:&quot;classic&quot;,&quot;shape_divider_bottom&quot;:&quot;mountains&quot;,&quot;background_motion_fx_motion_fx_scrolling&quot;:&quot;yes&quot;,&quot;background_motion_fx_scale_effect&quot;:&quot;yes&quot;,&quot;background_motion_fx_scale_direction&quot;:&quot;out-in&quot;,&quot;background_motion_fx_scale_speed&quot;:{&quot;unit&quot;:&quot;px&quot;,&quot;size&quot;:4,&quot;sizes&quot;:[]},&quot;background_motion_fx_scale_range&quot;:{&quot;unit&quot;:&quot;%&quot;,&quot;size&quot;:&quot;&quot;,&quot;sizes&quot;:{&quot;start&quot;:20,&quot;end&quot;:80}},&quot;background_motion_fx_devices&quot;:[&quot;desktop&quot;,&quot;tablet&quot;,&quot;mobile&quot;]}\">\n\t\t\t\t\t<div class=\"e-con-inner\">\n\t\t\t\t<div class=\"elementor-shape elementor-shape-bottom\" aria-hidden=\"true\" data-negative=\"false\">\n\t\t\t<svg xmlns=\"http:\/\/www.w3.org\/2000\/svg\" viewBox=\"0 0 1000 100\" preserveAspectRatio=\"none\">\n\t<path class=\"elementor-shape-fill\" opacity=\"0.33\" d=\"M473,67.3c-203.9,88.3-263.1-34-320.3,0C66,119.1,0,59.7,0,59.7V0h1000v59.7 c0,0-62.1,26.1-94.9,29.3c-32.8,3.3-62.8-12.3-75.8-22.1C806,49.6,745.3,8.7,694.9,4.7S492.4,59,473,67.3z\"\/>\n\t<path class=\"elementor-shape-fill\" opacity=\"0.66\" d=\"M734,67.3c-45.5,0-77.2-23.2-129.1-39.1c-28.6-8.7-150.3-10.1-254,39.1 s-91.7-34.4-149.2,0C115.7,118.3,0,39.8,0,39.8V0h1000v36.5c0,0-28.2-18.5-92.1-18.5C810.2,18.1,775.7,67.3,734,67.3z\"\/>\n\t<path class=\"elementor-shape-fill\" d=\"M766.1,28.9c-200-57.5-266,65.5-395.1,19.5C242,1.8,242,5.4,184.8,20.6C128,35.8,132.3,44.9,89.9,52.5C28.6,63.7,0,0,0,0 h1000c0,0-9.9,40.9-83.6,48.1S829.6,47,766.1,28.9z\"\/>\n<\/svg>\t\t<\/div>\n\t\t<div class=\"elementor-element elementor-element-176f6af e-con-full e-flex e-con e-child\" data-id=\"176f6af\" data-element_type=\"container\" data-e-type=\"container\">\n\t\t\t\t<div class=\"elementor-element elementor-element-39e51b2 animated-slow elementor-invisible elementor-widget elementor-widget-heading\" data-id=\"39e51b2\" data-element_type=\"widget\" data-e-type=\"widget\" data-settings=\"{&quot;_animation&quot;:&quot;fadeInUp&quot;}\" data-widget_type=\"heading.default\">\n\t\t\t\t\t<h2 class=\"elementor-heading-title elementor-size-default\">Bienvenue chez les Pirates de Carnac !<\/h2>\t\t\t\t<\/div>\n\t\t\t\t<div class=\"elementor-element elementor-element-3d88c4d elementor-widget elementor-widget-text-editor\" data-id=\"3d88c4d\" data-element_type=\"widget\" data-e-type=\"widget\" data-widget_type=\"text-editor.default\">\n\t\t\t\t\t\t\t\t\t<h2 data-end=\"282\" data-start=\"210\">\ud83c\udff4\u200d\u2620\ufe0f Le Camping Les Bruy\u00e8res de Carnac devient Les Pirates de Carnac !<\/h2>\t\t\t\t\t\t\t\t<\/div>\n\t\t\t\t<div class=\"elementor-element elementor-element-d90d872 elementor-widget elementor-widget-text-editor\" data-id=\"d90d872\" data-element_type=\"widget\" data-e-type=\"widget\" data-widget_type=\"text-editor.default\">\n\t\t\t\t\t\t\t\t\t<p>Depuis de nombreuses ann\u00e9es, le <strong data-end=\"350\" data-start=\"316\">Camping Les Bruy\u00e8res de Carnac<\/strong> vous accueille au c\u0153ur de la<\/p><p>Bretagne Sud, \u00e0 deux pas des plages et des c\u00e9l\u00e8bres menhirs. <br \/>Vous avez \u00e9t\u00e9 des milliers \u00e0 partager avec nous vos vacances, vos rires et vos souvenirs<\/p><p>dans ce lieu unique et convivial.<\/p>\t\t\t\t\t\t\t\t<\/div>\n\t\t\t\t<\/div>\n\t\t\t\t\t<\/div>\n\t\t\t\t<\/div>\n\t\t<div class=\"elementor-element elementor-element-26f4d19 e-con-full e-flex e-con e-parent\" data-id=\"26f4d19\" data-element_type=\"container\" data-e-type=\"container\" data-settings=\"{&quot;background_background&quot;:&quot;classic&quot;}\">\n\t\t<div class=\"elementor-element elementor-element-767c735 e-con-full e-flex e-con e-child\" data-id=\"767c735\" data-element_type=\"container\" data-e-type=\"container\">\n\t\t\t\t<div class=\"elementor-element elementor-element-fe4f092 elementor-widget elementor-widget-heading\" data-id=\"fe4f092\" data-element_type=\"widget\" data-e-type=\"widget\" data-widget_type=\"heading.default\">\n\t\t\t\t\t<h1 class=\"elementor-heading-title elementor-size-default\">Aujourd\u2019hui, une nouvelle page s\u2019\u00e9crit dans notre histoire : <\/h1>\t\t\t\t<\/div>\n\t\t\t\t<div class=\"elementor-element elementor-element-9ab9299 elementor-widget elementor-widget-text-editor\" data-id=\"9ab9299\" data-element_type=\"widget\" data-e-type=\"widget\" data-widget_type=\"text-editor.default\">\n\t\t\t\t\t\t\t\t\t<p><strong data-end=\"734\" data-start=\"710\">Le 13 septembre 2025<\/strong>, le Camping Les Bruy\u00e8res de Carnac l\u00e8ve l\u2019ancre \u2026<\/p><p><br data-end=\"789\" data-start=\"786\" \/>et d\u00e8s le <strong>10\u00a0avril 2026<\/strong>,<\/p><p>il hissera son nouveau pavillon pour devenir :<\/p><p><br data-end=\"866\" data-start=\"863\" \/>\ud83c\udff4\u200d\u2620\ufe0f <strong data-end=\"897\" data-start=\"872\">LES PIRATES DE CARNAC<\/strong>\u00a0\ud83c\udff4\u200d\u2620\ufe0f<\/p>\t\t\t\t\t\t\t\t<\/div>\n\t\t\t\t<\/div>\n\t\t<div class=\"elementor-element elementor-element-fc62275 e-con-full e-flex e-con e-child\" data-id=\"fc62275\" data-element_type=\"container\" data-e-type=\"container\" data-settings=\"{&quot;background_background&quot;:&quot;classic&quot;,&quot;background_motion_fx_motion_fx_scrolling&quot;:&quot;yes&quot;,&quot;background_motion_fx_translateY_effect&quot;:&quot;yes&quot;,&quot;background_motion_fx_translateY_speed&quot;:{&quot;unit&quot;:&quot;px&quot;,&quot;size&quot;:4,&quot;sizes&quot;:[]},&quot;background_motion_fx_translateY_affectedRange&quot;:{&quot;unit&quot;:&quot;%&quot;,&quot;size&quot;:&quot;&quot;,&quot;sizes&quot;:{&quot;start&quot;:0,&quot;end&quot;:100}},&quot;background_motion_fx_devices&quot;:[&quot;desktop&quot;,&quot;tablet&quot;,&quot;mobile&quot;]}\">\n\t\t\t\t<\/div>\n\t\t\t\t<\/div>\n\t\t<div class=\"elementor-element elementor-element-d86191b e-con-full e-flex e-con e-parent\" data-id=\"d86191b\" data-element_type=\"container\" data-e-type=\"container\" data-settings=\"{&quot;background_background&quot;:&quot;classic&quot;}\">\n\t\t<div class=\"elementor-element elementor-element-e10dd83 e-con-full e-flex e-con e-child\" data-id=\"e10dd83\" data-element_type=\"container\" data-e-type=\"container\">\n\t\t\t\t<div class=\"elementor-element elementor-element-a9bfa64 elementor-widget elementor-widget-text-editor\" data-id=\"a9bfa64\" data-element_type=\"widget\" data-e-type=\"widget\" data-widget_type=\"text-editor.default\">\n\t\t\t\t\t\t\t\t\t<h2 data-end=\"951\" data-start=\"912\">Pourquoi ce changement de nom ?<\/h2><div>Au fil des saisons, notre camping s\u2019est transform\u00e9 en un v\u00e9ritable <strong data-end=\"1101\" data-start=\"1019\">univers th\u00e9matique autour des pirates, des l\u00e9gendes et de l\u2019aventure familiale<\/strong>. <br data-end=\"1105\" data-start=\"1102\" \/>Animations, d\u00e9corations, histoires pour petits et grands\u2026 l\u2019esprit pirate fait d\u00e9sormais partie int\u00e9grante de votre exp\u00e9rience aux Bruy\u00e8res de Carnac.<\/div><div>\u00a0<\/div><div>Ce nouveau nom, <strong data-end=\"1309\" data-start=\"1276\">Camping LES PIRATES DE CARNAC<\/strong>,<\/div><div>refl\u00e8te simplement ce que nous sommes devenus :<\/div><div>\u00a0<\/div><ul data-end=\"1528\" data-start=\"1361\"><li data-end=\"1402\" data-start=\"1361\"><div>Un camping <strong data-end=\"1399\" data-start=\"1374\">familial, convivial et surtout INDEPENDANT<\/strong>,<\/div><div>\u00a0<\/div><\/li><li data-end=\"1443\" data-start=\"1403\"><div>Un lieu de <strong data-end=\"1440\" data-start=\"1416\">d\u00e9tente et de nature<\/strong>,<\/div><div>\u00a0<\/div><\/li><li data-end=\"1528\" data-start=\"1444\"><div>Mais aussi un espace o\u00f9 <strong data-end=\"1524\" data-start=\"1470\">chaque vacancier vit son s\u00e9jour comme une aventure<\/strong> !<\/div><\/li><\/ul>\t\t\t\t\t\t\t\t<\/div>\n\t\t\t\t<\/div>\n\t\t<div class=\"elementor-element elementor-element-d8bf114 e-con-full e-flex e-con e-child\" data-id=\"d8bf114\" data-element_type=\"container\" data-e-type=\"container\" data-settings=\"{&quot;background_background&quot;:&quot;classic&quot;,&quot;background_motion_fx_motion_fx_scrolling&quot;:&quot;yes&quot;,&quot;background_motion_fx_translateY_effect&quot;:&quot;yes&quot;,&quot;background_motion_fx_translateY_speed&quot;:{&quot;unit&quot;:&quot;px&quot;,&quot;size&quot;:4,&quot;sizes&quot;:[]},&quot;background_motion_fx_translateY_affectedRange&quot;:{&quot;unit&quot;:&quot;%&quot;,&quot;size&quot;:&quot;&quot;,&quot;sizes&quot;:{&quot;start&quot;:0,&quot;end&quot;:100}},&quot;background_motion_fx_devices&quot;:[&quot;desktop&quot;,&quot;tablet&quot;,&quot;mobile&quot;]}\">\n\t\t\t\t<\/div>\n\t\t\t\t<\/div>\n\t\t<div class=\"elementor-element elementor-element-68f0f19 e-con-full e-flex e-con e-parent\" data-id=\"68f0f19\" data-element_type=\"container\" data-e-type=\"container\" data-settings=\"{&quot;background_background&quot;:&quot;classic&quot;}\">\n\t\t<div class=\"elementor-element elementor-element-6d7f204 e-con-full e-flex e-con e-child\" data-id=\"6d7f204\" data-element_type=\"container\" data-e-type=\"container\">\n\t\t\t\t<div class=\"elementor-element elementor-element-564a779 elementor-widget elementor-widget-heading\" data-id=\"564a779\" data-element_type=\"widget\" data-e-type=\"widget\" data-widget_type=\"heading.default\">\n\t\t\t\t\t<h2 class=\"elementor-heading-title elementor-size-default\">Ce qui ne change pas<\/h2>\t\t\t\t<\/div>\n\t\t\t\t<div class=\"elementor-element elementor-element-80dcd5b elementor-widget elementor-widget-text-editor\" data-id=\"80dcd5b\" data-element_type=\"widget\" data-e-type=\"widget\" data-widget_type=\"text-editor.default\">\n\t\t\t\t\t\t\t\t\t<div>La m\u00eame \u00e9quipe passionn\u00e9e, toujours \u00e0 vos c\u00f4t\u00e9s. Le m\u00eame cadre verdoyant et reposant au c\u0153ur de Carnac, les m\u00eames h\u00e9bergements confortables et vari\u00e9s.\u00a0<br data-end=\"1723\" data-start=\"1720\" \/>Les m\u00eames services : piscine couverte chauff\u00e9e, mini-ferme, animations estivales, espace bien-\u00eatre\u2026<\/div><div>\u00a0<\/div><div>Bref : le changement de nom ne fait qu\u2019accentuer notre identit\u00e9, mais\u00a0<strong data-end=\"1935\" data-start=\"1901\">l\u2019\u00e2me du camping reste la m\u00eame<\/strong>.<\/div><div>\u00a0<\/div><div><p data-start=\"1557\" data-end=\"1763\">Le <strong data-start=\"1560\" data-end=\"1594\">Camping Les Bruy\u00e8res de Carnac<\/strong> se transforme mais ne dispara\u00eet pas.<br data-start=\"1631\" data-end=\"1634\" \/>Il se r\u00e9invente, il s\u2019affirme, et d\u00e8s avril 2026, il vous attend sous son nouveau nom :<\/p><p data-start=\"1557\" data-end=\"1763\"><br data-start=\"1721\" data-end=\"1724\" \/>\ud83c\udff4\u200d\u2620\ufe0f <strong data-start=\"1730\" data-end=\"1755\">Les Pirates de Carnac<\/strong> \ud83c\udff4\u200d\u2620\ufe0f<\/p><p data-start=\"1765\" data-end=\"1906\">Un nouveau nom\u2026 mais la m\u00eame promesse :<br data-start=\"1804\" data-end=\"1807\" \/>des vacances berc\u00e9es par la convivialit\u00e9, la magie des l\u00e9gendes et la beaut\u00e9 des c\u00f4tes bretonnes.<\/p><\/div><div>\u00a0<\/div><div>\u00a0<\/div>\t\t\t\t\t\t\t\t<\/div>\n\t\t\t\t<\/div>\n\t\t\t\t<\/div>\n\t\t<div class=\"elementor-element elementor-element-fce7346 e-con-full animated-slow e-flex elementor-invisible e-con e-parent\" data-id=\"fce7346\" data-element_type=\"container\" data-e-type=\"container\" data-settings=\"{&quot;background_background&quot;:&quot;slideshow&quot;,&quot;background_slideshow_gallery&quot;:[{&quot;id&quot;:2564,&quot;url&quot;:&quot;https:\\\/\\\/lespiratesdecarnac.com\\\/wp-content\\\/uploads\\\/2024\\\/09\\\/IMG_7800-scaled.jpg&quot;},{&quot;id&quot;:2548,&quot;url&quot;:&quot;https:\\\/\\\/lespiratesdecarnac.com\\\/wp-content\\\/uploads\\\/2024\\\/09\\\/IMG_8333-scaled.jpg&quot;},{&quot;id&quot;:2545,&quot;url&quot;:&quot;https:\\\/\\\/lespiratesdecarnac.com\\\/wp-content\\\/uploads\\\/2024\\\/09\\\/IMG_E7389-scaled.jpg&quot;},{&quot;id&quot;:2549,&quot;url&quot;:&quot;https:\\\/\\\/lespiratesdecarnac.com\\\/wp-content\\\/uploads\\\/2024\\\/09\\\/IMG_8125-scaled.jpg&quot;}],&quot;shape_divider_top&quot;:&quot;mountains&quot;,&quot;shape_divider_bottom&quot;:&quot;mountains&quot;,&quot;animation&quot;:&quot;fadeIn&quot;,&quot;animation_delay&quot;:1000,&quot;background_slideshow_loop&quot;:&quot;yes&quot;,&quot;background_slideshow_slide_duration&quot;:5000,&quot;background_slideshow_slide_transition&quot;:&quot;fade&quot;,&quot;background_slideshow_transition_duration&quot;:500}\">\n\t\t\t\t<div class=\"elementor-shape elementor-shape-top\" aria-hidden=\"true\" data-negative=\"false\">\n\t\t\t<svg xmlns=\"http:\/\/www.w3.org\/2000\/svg\" viewBox=\"0 0 1000 100\" preserveAspectRatio=\"none\">\n\t<path class=\"elementor-shape-fill\" opacity=\"0.33\" d=\"M473,67.3c-203.9,88.3-263.1-34-320.3,0C66,119.1,0,59.7,0,59.7V0h1000v59.7 c0,0-62.1,26.1-94.9,29.3c-32.8,3.3-62.8-12.3-75.8-22.1C806,49.6,745.3,8.7,694.9,4.7S492.4,59,473,67.3z\"\/>\n\t<path class=\"elementor-shape-fill\" opacity=\"0.66\" d=\"M734,67.3c-45.5,0-77.2-23.2-129.1-39.1c-28.6-8.7-150.3-10.1-254,39.1 s-91.7-34.4-149.2,0C115.7,118.3,0,39.8,0,39.8V0h1000v36.5c0,0-28.2-18.5-92.1-18.5C810.2,18.1,775.7,67.3,734,67.3z\"\/>\n\t<path class=\"elementor-shape-fill\" d=\"M766.1,28.9c-200-57.5-266,65.5-395.1,19.5C242,1.8,242,5.4,184.8,20.6C128,35.8,132.3,44.9,89.9,52.5C28.6,63.7,0,0,0,0 h1000c0,0-9.9,40.9-83.6,48.1S829.6,47,766.1,28.9z\"\/>\n<\/svg>\t\t<\/div>\n\t\t\t\t<div class=\"elementor-shape elementor-shape-bottom\" aria-hidden=\"true\" data-negative=\"false\">\n\t\t\t<svg xmlns=\"http:\/\/www.w3.org\/2000\/svg\" viewBox=\"0 0 1000 100\" preserveAspectRatio=\"none\">\n\t<path class=\"elementor-shape-fill\" opacity=\"0.33\" d=\"M473,67.3c-203.9,88.3-263.1-34-320.3,0C66,119.1,0,59.7,0,59.7V0h1000v59.7 c0,0-62.1,26.1-94.9,29.3c-32.8,3.3-62.8-12.3-75.8-22.1C806,49.6,745.3,8.7,694.9,4.7S492.4,59,473,67.3z\"\/>\n\t<path class=\"elementor-shape-fill\" opacity=\"0.66\" d=\"M734,67.3c-45.5,0-77.2-23.2-129.1-39.1c-28.6-8.7-150.3-10.1-254,39.1 s-91.7-34.4-149.2,0C115.7,118.3,0,39.8,0,39.8V0h1000v36.5c0,0-28.2-18.5-92.1-18.5C810.2,18.1,775.7,67.3,734,67.3z\"\/>\n\t<path class=\"elementor-shape-fill\" d=\"M766.1,28.9c-200-57.5-266,65.5-395.1,19.5C242,1.8,242,5.4,184.8,20.6C128,35.8,132.3,44.9,89.9,52.5C28.6,63.7,0,0,0,0 h1000c0,0-9.9,40.9-83.6,48.1S829.6,47,766.1,28.9z\"\/>\n<\/svg>\t\t<\/div>\n\t\t<div class=\"elementor-element elementor-element-86a85d0 e-con-full e-flex e-con e-child\" data-id=\"86a85d0\" data-element_type=\"container\" data-e-type=\"container\">\n\t\t\t\t<div class=\"elementor-element elementor-element-3e88ca3 elementor-widget elementor-widget-heading\" data-id=\"3e88ca3\" data-element_type=\"widget\" data-e-type=\"widget\" data-widget_type=\"heading.default\">\n\t\t\t\t\t<h2 class=\"elementor-heading-title elementor-size-default\">Ce qui change<\/h2>\t\t\t\t<\/div>\n\t\t\t\t<div class=\"elementor-element elementor-element-2f94c63 elementor-widget elementor-widget-text-editor\" data-id=\"2f94c63\" data-element_type=\"widget\" data-e-type=\"widget\" data-widget_type=\"text-editor.default\">\n\t\t\t\t\t\t\t\t\t<ul><li data-end=\"2040\" data-start=\"1967\"><div>Un nom plus <strong data-end=\"2012\" data-start=\"1981\">fort, immersif et m\u00e9morable<\/strong> : <em data-end=\"2038\" data-start=\"2015\">Les Pirates de Carnac<\/em><\/div><div>\u00a0<\/div><\/li><li data-end=\"2103\" data-start=\"2041\"><div>Une <strong data-end=\"2074\" data-start=\"2047\">th\u00e9matisation renforc\u00e9e<\/strong> autour notre univers pirate<\/div><div>\u00a0<\/div><\/li><li data-end=\"2186\" data-start=\"2104\"><div>Des <strong data-end=\"2158\" data-start=\"2110\">nouveaut\u00e9s dans nos animations et nos d\u00e9cors<\/strong> pour encore plus de magie<\/div><\/li><\/ul>\t\t\t\t\t\t\t\t<\/div>\n\t\t\t\t<div class=\"elementor-element elementor-element-cb11df3 elementor-widget elementor-widget-text-editor\" data-id=\"cb11df3\" data-element_type=\"widget\" data-e-type=\"widget\" data-widget_type=\"text-editor.default\">\n\t\t\t\t\t\t\t\t\t<h1 data-start=\"305\" data-end=\"349\">Quand Les Bruy\u00e8res l\u00e8vent l\u2019ancre\u2026<\/h1><p data-start=\"351\" data-end=\"606\">Sous le ciel de Bretagne, au c\u0153ur des l\u00e9gendes et des embruns marins, un nouveau chapitre s\u2019ouvre.<br data-start=\"449\" data-end=\"452\" \/>Le <strong data-start=\"455\" data-end=\"489\">Camping Les Bruy\u00e8res de Carnac<\/strong>, fid\u00e8le compagnon de vos vacances et gardien de vos plus beaux souvenirs, se pr\u00e9pare \u00e0 hisser un nouveau pavillon.<\/p><p data-start=\"826\" data-end=\"1143\">Parce que l\u2019esprit pirate n\u2019\u00e9tait plus un simple d\u00e9cor, mais une v\u00e9ritable <strong data-start=\"901\" data-end=\"916\">\u00e2me vivante<\/strong> qui animait d\u00e9j\u00e0 vos s\u00e9jours.<br data-start=\"946\" data-end=\"949\" \/>Au fil des ann\u00e9es, les histoires, les chasses au tr\u00e9sor, les rires d\u2019enfants et les soir\u00e9es enchant\u00e9es ont tiss\u00e9 un univers unique, o\u00f9 <strong data-start=\"1084\" data-end=\"1110\">sir\u00e8nes et pirates<\/strong>\u00a0ont pris leur place naturelle.<\/p><p data-start=\"1145\" data-end=\"1237\">Il \u00e9tait temps que ce monde ait enfin un nom digne de lui :<\/p><p data-start=\"1145\" data-end=\"1237\"><br data-start=\"1204\" data-end=\"1207\" \/><strong data-start=\"1209\" data-end=\"1234\">LES PIRATES DE CARNAC<\/strong><\/p>\t\t\t\t\t\t\t\t<\/div>\n\t\t\t\t<\/div>\n\t\t\t\t<\/div>\n\t\t<div class=\"elementor-element elementor-element-0a1cb47 e-con-full e-flex e-con e-parent\" data-id=\"0a1cb47\" data-element_type=\"container\" data-e-type=\"container\" data-settings=\"{&quot;background_background&quot;:&quot;classic&quot;}\">\n\t\t<div class=\"elementor-element elementor-element-dc6917d e-con-full e-flex e-con e-child\" data-id=\"dc6917d\" data-element_type=\"container\" data-e-type=\"container\">\n\t\t\t\t<div class=\"elementor-element elementor-element-0b78618 elementor-widget elementor-widget-heading\" data-id=\"0b78618\" data-element_type=\"widget\" data-e-type=\"widget\" data-widget_type=\"heading.default\">\n\t\t\t\t\t<h1 class=\"elementor-heading-title elementor-size-default\">Quand ce changement aura-t-il lieu ?<\/h1>\t\t\t\t<\/div>\n\t\t\t\t<div class=\"elementor-element elementor-element-41bafcf elementor-widget elementor-widget-text-editor\" data-id=\"41bafcf\" data-element_type=\"widget\" data-e-type=\"widget\" data-widget_type=\"text-editor.default\">\n\t\t\t\t\t\t\t\t\t<div>\u00c0 partir de 2026, le camping appara\u00eetra officiellement sous le nom : <br data-end=\"2324\" data-start=\"2321\" \/><strong data-end=\"2395\" data-start=\"2324\">Camping Les Pirates de Carnac (anciennement Les Bruy\u00e8res de Carnac)<\/strong>.<\/div><div>\u00a0<\/div><div>Pendant une p\u00e9riode de transition, vous retrouverez encore la mention <em data-end=\"2496\" data-start=\"2470\">\u201cLes Bruy\u00e8res de Carnac\u201d<\/em> afin de faciliter la reconnaissance et de ne pas perdre vos rep\u00e8res.<\/div>\t\t\t\t\t\t\t\t<\/div>\n\t\t\t\t<\/div>\n\t\t<div class=\"elementor-element elementor-element-f7e9b3c e-con-full e-flex e-con e-child\" data-id=\"f7e9b3c\" data-element_type=\"container\" data-e-type=\"container\" data-settings=\"{&quot;background_background&quot;:&quot;classic&quot;,&quot;background_motion_fx_motion_fx_scrolling&quot;:&quot;yes&quot;,&quot;background_motion_fx_translateY_effect&quot;:&quot;yes&quot;,&quot;background_motion_fx_translateY_speed&quot;:{&quot;unit&quot;:&quot;px&quot;,&quot;size&quot;:4,&quot;sizes&quot;:[]},&quot;background_motion_fx_translateY_affectedRange&quot;:{&quot;unit&quot;:&quot;%&quot;,&quot;size&quot;:&quot;&quot;,&quot;sizes&quot;:{&quot;start&quot;:0,&quot;end&quot;:100}},&quot;background_motion_fx_devices&quot;:[&quot;desktop&quot;,&quot;tablet&quot;,&quot;mobile&quot;]}\">\n\t\t\t\t<\/div>\n\t\t\t\t<\/div>\n\t\t<div class=\"elementor-element elementor-element-e588f28 e-con-full e-flex e-con e-parent\" data-id=\"e588f28\" data-element_type=\"container\" data-e-type=\"container\" data-settings=\"{&quot;background_background&quot;:&quot;classic&quot;}\">\n\t\t<div class=\"elementor-element elementor-element-65b98a9 e-con-full e-flex e-con e-child\" data-id=\"65b98a9\" data-element_type=\"container\" data-e-type=\"container\">\n\t\t\t\t<div class=\"elementor-element elementor-element-48c465b elementor-widget elementor-widget-heading\" data-id=\"48c465b\" data-element_type=\"widget\" data-e-type=\"widget\" data-widget_type=\"heading.default\">\n\t\t\t\t\t<h1 class=\"elementor-heading-title elementor-size-default\">En r\u00e9sum\u00e9<\/h1>\t\t\t\t<\/div>\n\t\t\t\t<div class=\"elementor-element elementor-element-33a9b68 elementor-widget elementor-widget-text-editor\" data-id=\"33a9b68\" data-element_type=\"widget\" data-e-type=\"widget\" data-widget_type=\"text-editor.default\">\n\t\t\t\t\t\t\t\t\t<div>Le <strong data-end=\"2629\" data-start=\"2595\">Camping Les Bruy\u00e8res de Carnac<\/strong> \u00e9volue pour devenir le<\/div><div><strong data-end=\"2686\" data-start=\"2653\">Camping LES PIRATES DE CARNAC<\/strong>\u00a0:<\/div><div>\u00a0<\/div><ul data-end=\"2868\" data-start=\"2691\"><li data-end=\"2740\" data-start=\"2691\"><div>Un nouveau nom pour une m\u00eame aventure humaine<\/div><\/li><li data-end=\"2802\" data-start=\"2741\"><div>Une immersion encore plus forte dans le monde des Pirates de Carnac<\/div><\/li><li data-end=\"2868\" data-start=\"2803\"><div>Toujours la garantie de vacances inoubliables en Bretagne Sud<\/div><div>\u00a0<\/div><\/li><\/ul><div><strong data-end=\"2933\" data-start=\"2872\">Camping LES PIRATES DE CARNAC \u2013 ex Les Bruy\u00e8res de Carnac<\/strong><\/div><div><br data-end=\"2936\" data-start=\"2933\" \/>Votre rep\u00e8re de vacances, entre nature, convivialit\u00e9 et aventures pirates !<\/div><div>\u00a0<\/div><div>Nous attendons d\u00e9j\u00e0 le plaisir de vous recevoir.<\/div><div>Piratement v\u00f4tre,<\/div><div>Chrystelle et l&rsquo;Equipage des Pirates de Carnac<\/div>\t\t\t\t\t\t\t\t<\/div>\n\t\t\t\t<\/div>\n\t\t<div class=\"elementor-element elementor-element-c82d7c3 e-con-full e-flex e-con e-child\" data-id=\"c82d7c3\" data-element_type=\"container\" data-e-type=\"container\" data-settings=\"{&quot;background_background&quot;:&quot;classic&quot;,&quot;background_motion_fx_motion_fx_scrolling&quot;:&quot;yes&quot;,&quot;background_motion_fx_translateY_effect&quot;:&quot;yes&quot;,&quot;background_motion_fx_translateY_speed&quot;:{&quot;unit&quot;:&quot;px&quot;,&quot;size&quot;:4,&quot;sizes&quot;:[]},&quot;background_motion_fx_translateY_affectedRange&quot;:{&quot;unit&quot;:&quot;%&quot;,&quot;size&quot;:&quot;&quot;,&quot;sizes&quot;:{&quot;start&quot;:0,&quot;end&quot;:100}},&quot;background_motion_fx_devices&quot;:[&quot;desktop&quot;,&quot;tablet&quot;,&quot;mobile&quot;]}\">\n\t\t\t\t<\/div>\n\t\t\t\t<\/div>\n\t\t<div class=\"elementor-element elementor-element-5e249e2 e-flex e-con-boxed e-con e-parent\" data-id=\"5e249e2\" data-element_type=\"container\" data-e-type=\"container\" data-settings=\"{&quot;background_background&quot;:&quot;classic&quot;,&quot;background_motion_fx_motion_fx_scrolling&quot;:&quot;yes&quot;,&quot;background_motion_fx_translateY_effect&quot;:&quot;yes&quot;,&quot;background_motion_fx_translateY_speed&quot;:{&quot;unit&quot;:&quot;px&quot;,&quot;size&quot;:6,&quot;sizes&quot;:[]},&quot;shape_divider_top&quot;:&quot;mountains&quot;,&quot;shape_divider_bottom&quot;:&quot;mountains&quot;,&quot;background_motion_fx_translateY_affectedRange&quot;:{&quot;unit&quot;:&quot;%&quot;,&quot;size&quot;:&quot;&quot;,&quot;sizes&quot;:{&quot;start&quot;:0,&quot;end&quot;:100}},&quot;background_motion_fx_devices&quot;:[&quot;desktop&quot;,&quot;tablet&quot;,&quot;mobile&quot;]}\">\n\t\t\t\t\t<div class=\"e-con-inner\">\n\t\t\t\t<div class=\"elementor-shape elementor-shape-top\" aria-hidden=\"true\" data-negative=\"false\">\n\t\t\t<svg xmlns=\"http:\/\/www.w3.org\/2000\/svg\" viewBox=\"0 0 1000 100\" preserveAspectRatio=\"none\">\n\t<path class=\"elementor-shape-fill\" opacity=\"0.33\" d=\"M473,67.3c-203.9,88.3-263.1-34-320.3,0C66,119.1,0,59.7,0,59.7V0h1000v59.7 c0,0-62.1,26.1-94.9,29.3c-32.8,3.3-62.8-12.3-75.8-22.1C806,49.6,745.3,8.7,694.9,4.7S492.4,59,473,67.3z\"\/>\n\t<path class=\"elementor-shape-fill\" opacity=\"0.66\" d=\"M734,67.3c-45.5,0-77.2-23.2-129.1-39.1c-28.6-8.7-150.3-10.1-254,39.1 s-91.7-34.4-149.2,0C115.7,118.3,0,39.8,0,39.8V0h1000v36.5c0,0-28.2-18.5-92.1-18.5C810.2,18.1,775.7,67.3,734,67.3z\"\/>\n\t<path class=\"elementor-shape-fill\" d=\"M766.1,28.9c-200-57.5-266,65.5-395.1,19.5C242,1.8,242,5.4,184.8,20.6C128,35.8,132.3,44.9,89.9,52.5C28.6,63.7,0,0,0,0 h1000c0,0-9.9,40.9-83.6,48.1S829.6,47,766.1,28.9z\"\/>\n<\/svg>\t\t<\/div>\n\t\t\t\t<div class=\"elementor-shape elementor-shape-bottom\" aria-hidden=\"true\" data-negative=\"false\">\n\t\t\t<svg xmlns=\"http:\/\/www.w3.org\/2000\/svg\" viewBox=\"0 0 1000 100\" preserveAspectRatio=\"none\">\n\t<path class=\"elementor-shape-fill\" opacity=\"0.33\" d=\"M473,67.3c-203.9,88.3-263.1-34-320.3,0C66,119.1,0,59.7,0,59.7V0h1000v59.7 c0,0-62.1,26.1-94.9,29.3c-32.8,3.3-62.8-12.3-75.8-22.1C806,49.6,745.3,8.7,694.9,4.7S492.4,59,473,67.3z\"\/>\n\t<path class=\"elementor-shape-fill\" opacity=\"0.66\" d=\"M734,67.3c-45.5,0-77.2-23.2-129.1-39.1c-28.6-8.7-150.3-10.1-254,39.1 s-91.7-34.4-149.2,0C115.7,118.3,0,39.8,0,39.8V0h1000v36.5c0,0-28.2-18.5-92.1-18.5C810.2,18.1,775.7,67.3,734,67.3z\"\/>\n\t<path class=\"elementor-shape-fill\" d=\"M766.1,28.9c-200-57.5-266,65.5-395.1,19.5C242,1.8,242,5.4,184.8,20.6C128,35.8,132.3,44.9,89.9,52.5C28.6,63.7,0,0,0,0 h1000c0,0-9.9,40.9-83.6,48.1S829.6,47,766.1,28.9z\"\/>\n<\/svg>\t\t<\/div>\n\t\t<div class=\"elementor-element elementor-element-b0fe3fa e-flex e-con-boxed e-con e-child\" data-id=\"b0fe3fa\" data-element_type=\"container\" data-e-type=\"container\" data-settings=\"{&quot;background_background&quot;:&quot;classic&quot;}\">\n\t\t\t\t\t<div class=\"e-con-inner\">\n\t\t\t\t<div class=\"elementor-element elementor-element-15a4208 elementor-widget elementor-widget-heading\" data-id=\"15a4208\" data-element_type=\"widget\" data-e-type=\"widget\" data-widget_type=\"heading.default\">\n\t\t\t\t\t<h2 class=\"elementor-heading-title elementor-size-default\">D\u00e9couvrir un cadre exceptionnel en <b>Bretagne du sud<\/b> dans le <b>Golfe du Morbihan<\/b><\/h2>\t\t\t\t<\/div>\n\t\t\t\t<div class=\"elementor-element elementor-element-6a84e53 elementor-widget elementor-widget-text-editor\" data-id=\"6a84e53\" data-element_type=\"widget\" data-e-type=\"widget\" data-widget_type=\"text-editor.default\">\n\t\t\t\t\t\t\t\t\t<p>Carnac, nich\u00e9e sur les Terres de L\u00e9gendes des Pirates de Carnac, est comme une perle rare cach\u00e9e dans les profondeurs de l&rsquo;oc\u00e9an, o\u00f9 les myst\u00e8res pr\u00e9historiques se m\u00ealent \u00e0 la bravoure des corsaires. C&rsquo;est un rep\u00e8re o\u00f9 les alignements m\u00e9galithiques se dressent comme des sentinelles antiques, gardant les secrets des temps anciens et attirant les aventuriers du monde entier.<\/p><p>Au-del\u00e0 de ses rivages, Carnac d\u00e9ploie ses plages dor\u00e9es telles des tr\u00e9sors convoit\u00e9s par les flibustiers de tous horizons. Les vagues tumultueuses de l&rsquo;Atlantique murmurent des r\u00e9cits oubli\u00e9s tandis que les vents portent les r\u00eaves des navigateurs audacieux.<\/p><p><b>Venez nous rejoindre dans un camping de charme \u00e0 Carnac, l\u00e0 o\u00f9 les Pirates de Carnac se sont install\u00e9s !<\/b><\/p>\t\t\t\t\t\t\t\t<\/div>\n\t\t\t\t\t<\/div>\n\t\t\t\t<\/div>\n\t\t\t\t\t<\/div>\n\t\t\t\t<\/div>\n\t\t\t\t<\/div>\n\t\t","protected":false},"excerpt":{"rendered":"<p>Incontrare i pirati vicino alle spiagge di Carnac - Camping Les Bruy\u00e8res de Carnac Baie de Quiberon Morbihan Bretagne Sud Francia<\/p>","protected":false},"author":1,"featured_media":7,"parent":0,"menu_order":0,"comment_status":"closed","ping_status":"closed","template":"","meta":{"inline_featured_image":false,"footnotes":""},"categories":[],"tags":[],"class_list":["post-3966","page","type-page","status-publish","has-post-thumbnail","hentry"],"yoast_head":"<!-- This site is optimized with the Yoast SEO plugin v27.5 - https:\/\/yoast.com\/product\/yoast-seo-wordpress\/ -->\n<title>Camping Carnac | Les Pirates de Carnac 4* | Golfe du Morbihan<\/title>\n<meta name=\"description\" content=\"Le camping Les Pirates de Carnac 4* vous accueille \u00e0 deux pas des plages de Carnac. Espace aquatique, mobil-homes. Les Pirates vous attendent\" \/>\n<meta name=\"robots\" content=\"index, follow, max-snippet:-1, max-image-preview:large, max-video-preview:-1\" \/>\n<link rel=\"canonical\" href=\"https:\/\/www.lespiratesdecarnac.com\/it\/les-pirates-de-carnac\/\" \/>\n<meta property=\"og:locale\" content=\"it_IT\" \/>\n<meta property=\"og:type\" content=\"article\" \/>\n<meta property=\"og:title\" content=\"Camping Carnac en Bretagne Sud - Les Bruy\u00e8res de Carnac ***\" \/>\n<meta property=\"og:description\" content=\"Camping Carnac 3 \u00e9toiles en Bretagne Sud \u25b8Le camping Les Bruy\u00e8res vous accueille pr\u00e8s des plages de Quiberon et du Golfe du Morbihan !\" \/>\n<meta property=\"og:url\" content=\"https:\/\/www.lespiratesdecarnac.com\/it\/les-pirates-de-carnac\/\" \/>\n<meta property=\"og:site_name\" content=\"Les Pirates de carnac\" \/>\n<meta property=\"article:publisher\" content=\"https:\/\/www.facebook.com\/Camping.les.Bruyeres.Carnac\" \/>\n<meta property=\"article:modified_time\" content=\"2025-09-11T13:09:40+00:00\" \/>\n<meta property=\"og:image\" content=\"https:\/\/www.lespiratesdecarnac.com\/wp-content\/uploads\/2023\/11\/lesbruyeresblanctete.png\" \/>\n\t<meta property=\"og:image:width\" content=\"12501\" \/>\n\t<meta property=\"og:image:height\" content=\"5910\" \/>\n\t<meta property=\"og:image:type\" content=\"image\/png\" \/>\n<meta name=\"twitter:card\" content=\"summary_large_image\" \/>\n<meta name=\"twitter:label1\" content=\"Tempo di lettura stimato\" \/>\n\t<meta name=\"twitter:data1\" content=\"4 minuti\" \/>\n<script type=\"application\/ld+json\" class=\"yoast-schema-graph\">{\"@context\":\"https:\\\/\\\/schema.org\",\"@graph\":[{\"@type\":\"WebPage\",\"@id\":\"https:\\\/\\\/www.lespiratesdecarnac.com\\\/les-pirates-de-carnac\\\/\",\"url\":\"https:\\\/\\\/www.lespiratesdecarnac.com\\\/les-pirates-de-carnac\\\/\",\"name\":\"Camping Carnac | Les Pirates de Carnac 4* | Golfe du Morbihan\",\"isPartOf\":{\"@id\":\"https:\\\/\\\/www.lespiratesdecarnac.com\\\/#website\"},\"primaryImageOfPage\":{\"@id\":\"https:\\\/\\\/www.lespiratesdecarnac.com\\\/les-pirates-de-carnac\\\/#primaryimage\"},\"image\":{\"@id\":\"https:\\\/\\\/www.lespiratesdecarnac.com\\\/les-pirates-de-carnac\\\/#primaryimage\"},\"thumbnailUrl\":\"https:\\\/\\\/www.lespiratesdecarnac.com\\\/wp-content\\\/uploads\\\/2023\\\/11\\\/NEW-LOGO-4-PIRATES-e1715868270390.jpg\",\"datePublished\":\"2025-08-21T16:06:52+00:00\",\"dateModified\":\"2025-09-11T13:09:40+00:00\",\"description\":\"Le camping Les Pirates de Carnac 4* vous accueille \u00e0 deux pas des plages de Carnac. Espace aquatique, mobil-homes. Les Pirates vous attendent\",\"inLanguage\":\"it-IT\",\"potentialAction\":[{\"@type\":\"ReadAction\",\"target\":[\"https:\\\/\\\/www.lespiratesdecarnac.com\\\/les-pirates-de-carnac\\\/\"]}]},{\"@type\":\"ImageObject\",\"inLanguage\":\"it-IT\",\"@id\":\"https:\\\/\\\/www.lespiratesdecarnac.com\\\/les-pirates-de-carnac\\\/#primaryimage\",\"url\":\"https:\\\/\\\/www.lespiratesdecarnac.com\\\/wp-content\\\/uploads\\\/2023\\\/11\\\/NEW-LOGO-4-PIRATES-e1715868270390.jpg\",\"contentUrl\":\"https:\\\/\\\/www.lespiratesdecarnac.com\\\/wp-content\\\/uploads\\\/2023\\\/11\\\/NEW-LOGO-4-PIRATES-e1715868270390.jpg\",\"width\":1024,\"height\":1024,\"caption\":\"Retrouvez les Pirates \u00e0 Carnac - Camping Les Bruy\u00e8res de Carnac Baie de Quiberon Morbihan Bretagne Sud France\"},{\"@type\":\"WebSite\",\"@id\":\"https:\\\/\\\/www.lespiratesdecarnac.com\\\/#website\",\"url\":\"https:\\\/\\\/www.lespiratesdecarnac.com\\\/\",\"name\":\"Les Pirates de carnac\",\"description\":\"Camping \u00e0 Carnac 4 \u00e9toiles\",\"publisher\":{\"@id\":\"https:\\\/\\\/www.lespiratesdecarnac.com\\\/#organization\"},\"potentialAction\":[{\"@type\":\"SearchAction\",\"target\":{\"@type\":\"EntryPoint\",\"urlTemplate\":\"https:\\\/\\\/www.lespiratesdecarnac.com\\\/?s={search_term_string}\"},\"query-input\":{\"@type\":\"PropertyValueSpecification\",\"valueRequired\":true,\"valueName\":\"search_term_string\"}}],\"inLanguage\":\"it-IT\"},{\"@type\":\"Organization\",\"@id\":\"https:\\\/\\\/www.lespiratesdecarnac.com\\\/#organization\",\"name\":\"Camping Les Bruy\u00e8res de Carnac\",\"url\":\"https:\\\/\\\/www.lespiratesdecarnac.com\\\/\",\"logo\":{\"@type\":\"ImageObject\",\"inLanguage\":\"it-IT\",\"@id\":\"https:\\\/\\\/www.lespiratesdecarnac.com\\\/#\\\/schema\\\/logo\\\/image\\\/\",\"url\":\"https:\\\/\\\/lespiratesdecarnac.com\\\/wp-content\\\/uploads\\\/2023\\\/11\\\/lesbruyeresblanctete.png\",\"contentUrl\":\"https:\\\/\\\/lespiratesdecarnac.com\\\/wp-content\\\/uploads\\\/2023\\\/11\\\/lesbruyeresblanctete.png\",\"width\":12501,\"height\":5910,\"caption\":\"Camping Les Bruy\u00e8res de Carnac\"},\"image\":{\"@id\":\"https:\\\/\\\/www.lespiratesdecarnac.com\\\/#\\\/schema\\\/logo\\\/image\\\/\"},\"sameAs\":[\"https:\\\/\\\/www.facebook.com\\\/Camping.les.Bruyeres.Carnac\",\"https:\\\/\\\/www.instagram.com\\\/campinglesbruyeresdecarnac\\\/\"]}]}<\/script>\n<!-- \/ Yoast SEO plugin. -->","yoast_head_json":{"title":"Camping Carnac | Les Pirates de Carnac 4* | Golfe du Morbihan","description":"Le camping Les Pirates de Carnac 4* vous accueille \u00e0 deux pas des plages de Carnac. Espace aquatique, mobil-homes. Les Pirates vous attendent","robots":{"index":"index","follow":"follow","max-snippet":"max-snippet:-1","max-image-preview":"max-image-preview:large","max-video-preview":"max-video-preview:-1"},"canonical":"https:\/\/www.lespiratesdecarnac.com\/it\/les-pirates-de-carnac\/","og_locale":"it_IT","og_type":"article","og_title":"Camping Carnac en Bretagne Sud - Les Bruy\u00e8res de Carnac ***","og_description":"Camping Carnac 3 \u00e9toiles en Bretagne Sud \u25b8Le camping Les Bruy\u00e8res vous accueille pr\u00e8s des plages de Quiberon et du Golfe du Morbihan !","og_url":"https:\/\/www.lespiratesdecarnac.com\/it\/les-pirates-de-carnac\/","og_site_name":"Les Pirates de carnac","article_publisher":"https:\/\/www.facebook.com\/Camping.les.Bruyeres.Carnac","article_modified_time":"2025-09-11T13:09:40+00:00","og_image":[{"width":12501,"height":5910,"url":"https:\/\/www.lespiratesdecarnac.com\/wp-content\/uploads\/2023\/11\/lesbruyeresblanctete.png","type":"image\/png"}],"twitter_card":"summary_large_image","twitter_misc":{"Tempo di lettura stimato":"4 minuti"},"schema":{"@context":"https:\/\/schema.org","@graph":[{"@type":"WebPage","@id":"https:\/\/www.lespiratesdecarnac.com\/les-pirates-de-carnac\/","url":"https:\/\/www.lespiratesdecarnac.com\/les-pirates-de-carnac\/","name":"Camping Carnac | Les Pirates de Carnac 4* | Golfe du Morbihan","isPartOf":{"@id":"https:\/\/www.lespiratesdecarnac.com\/#website"},"primaryImageOfPage":{"@id":"https:\/\/www.lespiratesdecarnac.com\/les-pirates-de-carnac\/#primaryimage"},"image":{"@id":"https:\/\/www.lespiratesdecarnac.com\/les-pirates-de-carnac\/#primaryimage"},"thumbnailUrl":"https:\/\/www.lespiratesdecarnac.com\/wp-content\/uploads\/2023\/11\/NEW-LOGO-4-PIRATES-e1715868270390.jpg","datePublished":"2025-08-21T16:06:52+00:00","dateModified":"2025-09-11T13:09:40+00:00","description":"Le camping Les Pirates de Carnac 4* vous accueille \u00e0 deux pas des plages de Carnac. Espace aquatique, mobil-homes. Les Pirates vous attendent","inLanguage":"it-IT","potentialAction":[{"@type":"ReadAction","target":["https:\/\/www.lespiratesdecarnac.com\/les-pirates-de-carnac\/"]}]},{"@type":"ImageObject","inLanguage":"it-IT","@id":"https:\/\/www.lespiratesdecarnac.com\/les-pirates-de-carnac\/#primaryimage","url":"https:\/\/www.lespiratesdecarnac.com\/wp-content\/uploads\/2023\/11\/NEW-LOGO-4-PIRATES-e1715868270390.jpg","contentUrl":"https:\/\/www.lespiratesdecarnac.com\/wp-content\/uploads\/2023\/11\/NEW-LOGO-4-PIRATES-e1715868270390.jpg","width":1024,"height":1024,"caption":"Retrouvez les Pirates \u00e0 Carnac - Camping Les Bruy\u00e8res de Carnac Baie de Quiberon Morbihan Bretagne Sud France"},{"@type":"WebSite","@id":"https:\/\/www.lespiratesdecarnac.com\/#website","url":"https:\/\/www.lespiratesdecarnac.com\/","name":"Les Pirates de carnac","description":"Camping \u00e0 Carnac 4 \u00e9toiles","publisher":{"@id":"https:\/\/www.lespiratesdecarnac.com\/#organization"},"potentialAction":[{"@type":"SearchAction","target":{"@type":"EntryPoint","urlTemplate":"https:\/\/www.lespiratesdecarnac.com\/?s={search_term_string}"},"query-input":{"@type":"PropertyValueSpecification","valueRequired":true,"valueName":"search_term_string"}}],"inLanguage":"it-IT"},{"@type":"Organization","@id":"https:\/\/www.lespiratesdecarnac.com\/#organization","name":"Campeggio Les Bruy\u00e8res de Carnac","url":"https:\/\/www.lespiratesdecarnac.com\/","logo":{"@type":"ImageObject","inLanguage":"it-IT","@id":"https:\/\/www.lespiratesdecarnac.com\/#\/schema\/logo\/image\/","url":"https:\/\/lespiratesdecarnac.com\/wp-content\/uploads\/2023\/11\/lesbruyeresblanctete.png","contentUrl":"https:\/\/lespiratesdecarnac.com\/wp-content\/uploads\/2023\/11\/lesbruyeresblanctete.png","width":12501,"height":5910,"caption":"Camping Les Bruy\u00e8res de Carnac"},"image":{"@id":"https:\/\/www.lespiratesdecarnac.com\/#\/schema\/logo\/image\/"},"sameAs":["https:\/\/www.facebook.com\/Camping.les.Bruyeres.Carnac","https:\/\/www.instagram.com\/campinglesbruyeresdecarnac\/"]}]}},"_links":{"self":[{"href":"https:\/\/www.lespiratesdecarnac.com\/it\/wp-json\/wp\/v2\/pages\/3966","targetHints":{"allow":["GET"]}}],"collection":[{"href":"https:\/\/www.lespiratesdecarnac.com\/it\/wp-json\/wp\/v2\/pages"}],"about":[{"href":"https:\/\/www.lespiratesdecarnac.com\/it\/wp-json\/wp\/v2\/types\/page"}],"author":[{"embeddable":true,"href":"https:\/\/www.lespiratesdecarnac.com\/it\/wp-json\/wp\/v2\/users\/1"}],"replies":[{"embeddable":true,"href":"https:\/\/www.lespiratesdecarnac.com\/it\/wp-json\/wp\/v2\/comments?post=3966"}],"version-history":[{"count":40,"href":"https:\/\/www.lespiratesdecarnac.com\/it\/wp-json\/wp\/v2\/pages\/3966\/revisions"}],"predecessor-version":[{"id":4552,"href":"https:\/\/www.lespiratesdecarnac.com\/it\/wp-json\/wp\/v2\/pages\/3966\/revisions\/4552"}],"wp:featuredmedia":[{"embeddable":true,"href":"https:\/\/www.lespiratesdecarnac.com\/it\/wp-json\/wp\/v2\/media\/7"}],"wp:attachment":[{"href":"https:\/\/www.lespiratesdecarnac.com\/it\/wp-json\/wp\/v2\/media?parent=3966"}],"wp:term":[{"taxonomy":"category","embeddable":true,"href":"https:\/\/www.lespiratesdecarnac.com\/it\/wp-json\/wp\/v2\/categories?post=3966"},{"taxonomy":"post_tag","embeddable":true,"href":"https:\/\/www.lespiratesdecarnac.com\/it\/wp-json\/wp\/v2\/tags?post=3966"}],"curies":[{"name":"wp","href":"https:\/\/api.w.org\/{rel}","templated":true}]}}