{"id":1162,"date":"2023-11-25T12:31:50","date_gmt":"2023-11-25T11:31:50","guid":{"rendered":"http:\/\/lesbruyres.local\/?page_id=1162"},"modified":"2026-04-27T17:29:11","modified_gmt":"2026-04-27T16:29:11","slug":"servizi","status":"publish","type":"page","link":"https:\/\/www.lespiratesdecarnac.com\/it\/servizi\/","title":{"rendered":"Servizi"},"content":{"rendered":"\t\t<div data-elementor-type=\"wp-page\" data-elementor-id=\"1162\" class=\"elementor elementor-1162\" data-elementor-post-type=\"page\">\n\t\t\t\t<div class=\"elementor-element elementor-element-ea16b19 e-flex e-con-boxed e-con e-parent\" data-id=\"ea16b19\" data-element_type=\"container\" data-e-type=\"container\" data-settings=\"{&quot;background_background&quot;:&quot;classic&quot;,&quot;shape_divider_bottom&quot;:&quot;mountains&quot;,&quot;animation&quot;:&quot;none&quot;}\">\n\t\t\t\t\t<div class=\"e-con-inner\">\n\t\t\t\t<div class=\"elementor-shape elementor-shape-bottom\" aria-hidden=\"true\" data-negative=\"false\">\n\t\t\t<svg xmlns=\"http:\/\/www.w3.org\/2000\/svg\" viewBox=\"0 0 1000 100\" preserveAspectRatio=\"none\">\n\t<path class=\"elementor-shape-fill\" opacity=\"0.33\" d=\"M473,67.3c-203.9,88.3-263.1-34-320.3,0C66,119.1,0,59.7,0,59.7V0h1000v59.7 c0,0-62.1,26.1-94.9,29.3c-32.8,3.3-62.8-12.3-75.8-22.1C806,49.6,745.3,8.7,694.9,4.7S492.4,59,473,67.3z\"\/>\n\t<path class=\"elementor-shape-fill\" opacity=\"0.66\" d=\"M734,67.3c-45.5,0-77.2-23.2-129.1-39.1c-28.6-8.7-150.3-10.1-254,39.1 s-91.7-34.4-149.2,0C115.7,118.3,0,39.8,0,39.8V0h1000v36.5c0,0-28.2-18.5-92.1-18.5C810.2,18.1,775.7,67.3,734,67.3z\"\/>\n\t<path class=\"elementor-shape-fill\" d=\"M766.1,28.9c-200-57.5-266,65.5-395.1,19.5C242,1.8,242,5.4,184.8,20.6C128,35.8,132.3,44.9,89.9,52.5C28.6,63.7,0,0,0,0 h1000c0,0-9.9,40.9-83.6,48.1S829.6,47,766.1,28.9z\"\/>\n<\/svg>\t\t<\/div>\n\t\t\t\t<div class=\"elementor-element elementor-element-0570f80 animated-slow elementor-invisible elementor-widget elementor-widget-heading\" data-id=\"0570f80\" data-element_type=\"widget\" data-e-type=\"widget\" data-settings=\"{&quot;_animation&quot;:&quot;fadeInUp&quot;}\" data-widget_type=\"heading.default\">\n\t\t\t\t\t<h1 class=\"elementor-heading-title elementor-size-default\">Les services du camping \u00e0 carnac \nLes Pirates de Carnac<\/h1>\t\t\t\t<\/div>\n\t\t\t\t\t<\/div>\n\t\t\t\t<\/div>\n\t\t<div class=\"elementor-element elementor-element-7dbffef e-con-full e-flex e-con e-parent\" data-id=\"7dbffef\" data-element_type=\"container\" data-e-type=\"container\" data-settings=\"{&quot;background_background&quot;:&quot;classic&quot;}\">\n\t\t<div class=\"elementor-element elementor-element-d3507f7 e-con-full e-flex e-con e-child\" data-id=\"d3507f7\" data-element_type=\"container\" data-e-type=\"container\">\n\t\t\t\t<div class=\"elementor-element elementor-element-42baa9d elementor-widget elementor-widget-text-editor\" data-id=\"42baa9d\" data-element_type=\"widget\" data-e-type=\"widget\" data-widget_type=\"text-editor.default\">\n\t\t\t\t\t\t\t\t\t<h2><strong>Camping Carnac 4 \u00e9toiles :<\/strong> des services de qualit\u00e9 pour votre<strong> s\u00e9jour dans le Morbihan<\/strong><\/h2><p>Puisque la joie et les souvenirs procur\u00e9s par les vacances n\u2019attendent pas, notre\u00a0<a href=\"https:\/\/lespiratesdecarnac.com\">camping \u00e0 Carnac<\/a>\u00a0vous propose un <strong>large choix de services<\/strong> d\u00e8s le d\u00e9but de la saison. <br \/>On y retrouve divers services li\u00e9s \u00e0 l\u2019organisation de votre s\u00e9jour, \u00e0 la restauration et aux activit\u00e9s \u00e0 faire \u00e0\u00a0<a href=\"https:\/\/lespiratesdecarnac.com\/tourisme-morbihan\/carnac\/\" target=\"_blank\" rel=\"noopener\">Carnac<\/a> et dans les environs. <br \/>Posez vos valises dans une de nos locations de mobil home ou sur nos emplacements pr\u00e8s des plages <strong>du Golfe du Morbihan<\/strong> et b\u00e9n\u00e9ficiez de nos prestations sous le signe du confort et de la tranquillit\u00e9. <br \/>Ainsi, vous pourrez pleinement profiter de votre <strong>s\u00e9jour au camping \u00e0 Carnac<\/strong> en toute saison. <br \/>Un saut dans le bassin de notre <a href=\"https:\/\/lespiratesdecarnac.com\/camping-carnac-piscine-couverte-chauffee\/\">camping carnac avec piscine couverte <\/a>ou <strong>au spa<\/strong>, une boisson fraiche du snack \u00e0 la main et vos vacances peuvent enfin commencer sous l&rsquo;air iod\u00e9 de la Bretagne du Sud. <br \/>D\u00e9couvrez le planning de nos services de restaurations et des <strong>prestations organis\u00e9es d&rsquo;avril jusqu&rsquo;en ao\u00fbt<\/strong>.<\/p>\t\t\t\t\t\t\t\t<\/div>\n\t\t\t\t<\/div>\n\t\t\t\t<\/div>\n\t\t<div class=\"elementor-element elementor-element-d3551eb animated-slow e-con-full e-flex elementor-invisible e-con e-parent\" data-id=\"d3551eb\" data-element_type=\"container\" data-e-type=\"container\" data-settings=\"{&quot;background_background&quot;:&quot;classic&quot;,&quot;animation&quot;:&quot;slideInUp&quot;,&quot;animation_delay&quot;:1000}\">\n\t\t<div class=\"elementor-element elementor-element-5d2b86c e-con-full e-flex e-con e-child\" data-id=\"5d2b86c\" data-element_type=\"container\" data-e-type=\"container\">\n\t\t\t\t<div class=\"elementor-element elementor-element-ef37dc0 elementor-widget-tablet__width-initial elementor-widget-mobile__width-inherit elementor-widget__width-initial elementor-position-top elementor-widget elementor-widget-image-box\" data-id=\"ef37dc0\" data-element_type=\"widget\" data-e-type=\"widget\" data-widget_type=\"image-box.default\">\n\t\t\t\t\t<div class=\"elementor-image-box-wrapper\"><figure class=\"elementor-image-box-img\"><a href=\"https:\/\/lespiratesdecarnac.com\/animation-mini-club\/\" target=\"_blank\" tabindex=\"-1\"><img decoding=\"async\" src=\"https:\/\/www.lespiratesdecarnac.com\/wp-content\/uploads\/elementor\/thumbs\/aire-jeux-pano-scaled-1-rbgl6go1j109rq3drj4h6noznmaxrih2nks9g29jm0.jpg\" title=\"aire jeux pano\" alt=\"Club enfant &quot;Le Rep\u00e8re des Petits Pirates&quot;, chez Les Pirates de Carnac, dans le Morbihan, en Bretagne Sud\" class=\"elementor-animation-grow\" loading=\"lazy\" \/><\/a><\/figure><div class=\"elementor-image-box-content\"><h3 class=\"elementor-image-box-title\"><a href=\"https:\/\/lespiratesdecarnac.com\/animation-mini-club\/\" target=\"_blank\">Club Enfants \"Le Repere des Petits Pirates\"<\/a><\/h3><p class=\"elementor-image-box-description\">D\u00e9couvrez un camping familial dans le Morbihan avec des animations diverses et captivantes qui raviront petits et grands.<\/p><\/div><\/div>\t\t\t\t<\/div>\n\t\t\t\t<div class=\"elementor-element elementor-element-4ddd9b2 elementor-widget-tablet__width-initial elementor-widget-mobile__width-inherit elementor-widget__width-initial elementor-position-top elementor-widget elementor-widget-image-box\" data-id=\"4ddd9b2\" data-element_type=\"widget\" data-e-type=\"widget\" data-widget_type=\"image-box.default\">\n\t\t\t\t\t<div class=\"elementor-image-box-wrapper\"><figure class=\"elementor-image-box-img\"><a href=\"https:\/\/lespiratesdecarnac.com\/location-mobil-home-carnac\/\" target=\"_blank\" tabindex=\"-1\"><img decoding=\"async\" src=\"https:\/\/www.lespiratesdecarnac.com\/wp-content\/uploads\/elementor\/thumbs\/MH-4-ch-pano-scaled-1-rbgl6hlvpv1k3c20m1j3r5gg906az7kszpfqxc85fs.jpg\" title=\"MH-4-ch-pano-scaled\" alt=\"MH-4-ch-pano-scaled\" class=\"elementor-animation-grow\" loading=\"lazy\" \/><\/a><\/figure><div class=\"elementor-image-box-content\"><h3 class=\"elementor-image-box-title\"><a href=\"https:\/\/lespiratesdecarnac.com\/location-mobil-home-carnac\/\" target=\"_blank\">Mobil-homes<\/a><\/h3><p class=\"elementor-image-box-description\">Venez d\u00e9couvrir notre s\u00e9lection de location de mobil home de 1 \u00e0 4 chambres \u00e0 Carnac tout confort pour toute la famille et \u00e9quip\u00e9 d'un raccordement TV TNT.<\/p><\/div><\/div>\t\t\t\t<\/div>\n\t\t\t\t<div class=\"elementor-element elementor-element-44dbe33 elementor-widget-tablet__width-initial elementor-widget-mobile__width-inherit elementor-widget__width-initial elementor-position-top elementor-widget elementor-widget-image-box\" data-id=\"44dbe33\" data-element_type=\"widget\" data-e-type=\"widget\" data-widget_type=\"image-box.default\">\n\t\t\t\t\t<div class=\"elementor-image-box-wrapper\"><figure class=\"elementor-image-box-img\"><a href=\"https:\/\/lespiratesdecarnac.com\/emplacement-camping-carnac\/\" target=\"_blank\" tabindex=\"-1\"><img decoding=\"async\" src=\"https:\/\/www.lespiratesdecarnac.com\/wp-content\/uploads\/elementor\/thumbs\/Camping-pano-rbgl6hlvpv1k3c20m1j3r5gg906az7kszpfqxc85fs.jpg\" title=\"Camping pano\" alt=\"Emplacement camping Les Bruy\u00e8res de Carnac, Golfe du Morbihan, Bretagne Sud, France\" class=\"elementor-animation-grow\" loading=\"lazy\" \/><\/a><\/figure><div class=\"elementor-image-box-content\"><h3 class=\"elementor-image-box-title\"><a href=\"https:\/\/lespiratesdecarnac.com\/emplacement-camping-carnac\/\" target=\"_blank\">Emplacements<\/a><\/h3><p class=\"elementor-image-box-description\">Nos emplacements spacieux et ombrag\u00e9s accueillent les caravanes, campings cars et tentes dans de tr\u00e8s jolis espaces.<\/p><\/div><\/div>\t\t\t\t<\/div>\n\t\t\t\t<div class=\"elementor-element elementor-element-5dceb2a elementor-widget-tablet__width-initial elementor-widget-mobile__width-inherit elementor-widget__width-initial elementor-position-top elementor-widget elementor-widget-image-box\" data-id=\"5dceb2a\" data-element_type=\"widget\" data-e-type=\"widget\" data-widget_type=\"image-box.default\">\n\t\t\t\t\t<div class=\"elementor-image-box-wrapper\"><figure class=\"elementor-image-box-img\"><a href=\"https:\/\/lespiratesdecarnac.com\/camping-carnac-piscine-couverte-chauffee\/\" target=\"_blank\" tabindex=\"-1\"><img decoding=\"async\" src=\"https:\/\/www.lespiratesdecarnac.com\/wp-content\/uploads\/elementor\/thumbs\/piscine-pano-2-scaled-1-rbgl6hlvpv1k3c20m1j3r5gg906az7kszpfqxc85fs.jpg\" title=\"piscine pano 2\" alt=\"piscine pano 2\" class=\"elementor-animation-grow\" loading=\"lazy\" \/><\/a><\/figure><div class=\"elementor-image-box-content\"><h3 class=\"elementor-image-box-title\"><a href=\"https:\/\/lespiratesdecarnac.com\/camping-carnac-piscine-couverte-chauffee\/\" target=\"_blank\">Piscine<\/a><\/h3><p class=\"elementor-image-box-description\">Profitez de notre camping avec piscine couverte et chauff\u00e9e \u00e0 28\u00b0 qui vous permet de profiter de l'eau par tous les temps, d\u00e8s le d\u00e9but de la saison.<\/p><\/div><\/div>\t\t\t\t<\/div>\n\t\t\t\t<\/div>\n\t\t\t\t<\/div>\n\t\t<div class=\"elementor-element elementor-element-d4adba6 e-con-full e-flex e-con e-parent\" data-id=\"d4adba6\" data-element_type=\"container\" data-e-type=\"container\" data-settings=\"{&quot;background_background&quot;:&quot;classic&quot;}\">\n\t\t<div class=\"elementor-element elementor-element-9b83d48 e-con-full e-flex e-con e-child\" data-id=\"9b83d48\" data-element_type=\"container\" data-e-type=\"container\">\n\t\t\t\t<div class=\"elementor-element elementor-element-378a8ef elementor-widget elementor-widget-heading\" data-id=\"378a8ef\" data-element_type=\"widget\" data-e-type=\"widget\" data-widget_type=\"heading.default\">\n\t\t\t\t\t<h2 class=\"elementor-heading-title elementor-size-default\">Les services du camping \u00e0 Carnac propos\u00e9s d\u00e8s le mois d'avril<\/h2>\t\t\t\t<\/div>\n\t\t\t\t<div class=\"elementor-element elementor-element-b291639 elementor-widget elementor-widget-text-editor\" data-id=\"b291639\" data-element_type=\"widget\" data-e-type=\"widget\" data-widget_type=\"text-editor.default\">\n\t\t\t\t\t\t\t\t\t<p>A la r\u00e9ception de notre <strong>camping 4 \u00e9toiles,<\/strong> Les Pirates de Carnac (anciennement Les Bruy\u00e8res de Carnac), vous pourrez retrouver des prestations de qualit\u00e9 d\u00e8s le d\u00e9but de la saison.<\/p><ul><li>Le\u00a0<strong>Bureau d&rsquo;accueil<\/strong>, ouvert tous les jours selon les horaires affich\u00e9s.<\/li><li>Une petite \u00e9picerie (d\u00e9pannage) \/boulangerie, est ouverte \u00e0 partir du 10 avril (2 \u00e0 3 jours de fermeture hors juillet\/ao\u00fbt) jusqu&rsquo;\u00e0 la fermeture.<\/li><li>Le <strong>snack et les plats \u00e0 emporter<\/strong> sont ouverts \u00e0 partir du 10 avril (2 \u00e0 3 jours de fermeture hors juillet\/ao\u00fbt) jusqu&rsquo;\u00e0 la fermeture.<\/li><li>Des animations sont propos\u00e9es le samedi soir lors du week-end prolong\u00e9 de l&rsquo;Ascension.<\/li><li>Les coordonn\u00e9es des pharmacies, m\u00e9decins, restaurants, bars, discoth\u00e8ques, garages&#8230; sont disponibles \u00e0 la r\u00e9ception<\/li><li>La <strong>location de v\u00e9los<\/strong> (sur r\u00e9servation \u00e0 la r\u00e9ception du camping), id\u00e9ale pour profiter des paysages du Morbihan<\/li><li>Des informations touristiques sur Carnac et le Morbihan sont \u00e0 votre disposition. A cela s\u2019ajoute \u00e9galement <strong>des r\u00e9ductions<\/strong> pour partir \u00e0 la\u00a0<a href=\"https:\/\/lespiratesdecarnac.com\/tourisme-morbihan\/\" target=\"_blank\" rel=\"noopener noreferrer\">d\u00e9couverte du Golfe du Morbihan et de ses \u00eeles<\/a> (Belle Ile, \u00eele aux Moines, \u00eele d\u2019Arz, etc).<\/li><li>Des jetons disponibles pour utiliser une machine \u00e0 laver et\/ ou un s\u00e8che linge (payant)<\/li><li>Des activit\u00e9s bien-\u00eatre comme le yoga et l\u2019aguasofro vous sont propos\u00e9es au camping, sur r\u00e9servation et en suppl\u00e9ment, avec des intervenants ext\u00e9rieurs.<\/li><li>Diff\u00e9rentes activit\u00e9s vous seront propos\u00e9es \u00e0 l&rsquo;ext\u00e9rieur du camping, \u00e0 prix n\u00e9goci\u00e9s pour vous<\/li><li>Diff\u00e9rents jeux de soci\u00e9t\u00e9 vous sont pr\u00eat\u00e9s \u00e0 la r\u00e9ception<\/li><\/ul>\t\t\t\t\t\t\t\t<\/div>\n\t\t\t\t<\/div>\n\t\t<div class=\"elementor-element elementor-element-c40ed13 e-con-full elementor-hidden-mobile e-flex e-con e-child\" data-id=\"c40ed13\" data-element_type=\"container\" data-e-type=\"container\" data-settings=\"{&quot;background_background&quot;:&quot;slideshow&quot;,&quot;background_slideshow_lazyload&quot;:&quot;yes&quot;,&quot;background_slideshow_ken_burns&quot;:&quot;yes&quot;,&quot;background_motion_fx_translateY_speed&quot;:{&quot;unit&quot;:&quot;px&quot;,&quot;size&quot;:2,&quot;sizes&quot;:[]},&quot;background_slideshow_gallery&quot;:[{&quot;id&quot;:5302,&quot;url&quot;:&quot;https:\\\/\\\/www.lespiratesdecarnac.com\\\/wp-content\\\/uploads\\\/2025\\\/10\\\/LPC-IMG_0932-scaled.jpg&quot;},{&quot;id&quot;:86,&quot;url&quot;:&quot;https:\\\/\\\/www.lespiratesdecarnac.com\\\/wp-content\\\/uploads\\\/2023\\\/11\\\/08-3fbe050923.jpeg&quot;},{&quot;id&quot;:85,&quot;url&quot;:&quot;https:\\\/\\\/www.lespiratesdecarnac.com\\\/wp-content\\\/uploads\\\/2023\\\/11\\\/07-e3e5502327.jpeg&quot;},{&quot;id&quot;:5451,&quot;url&quot;:&quot;https:\\\/\\\/www.lespiratesdecarnac.com\\\/wp-content\\\/uploads\\\/2025\\\/10\\\/IMG_7744-Copie-scaled.jpg&quot;},{&quot;id&quot;:5376,&quot;url&quot;:&quot;https:\\\/\\\/www.lespiratesdecarnac.com\\\/wp-content\\\/uploads\\\/2025\\\/10\\\/LPC-service-laverie-scaled.jpg&quot;},{&quot;id&quot;:2543,&quot;url&quot;:&quot;https:\\\/\\\/www.lespiratesdecarnac.com\\\/wp-content\\\/uploads\\\/2024\\\/09\\\/IMG_6178.jpg&quot;},{&quot;id&quot;:2545,&quot;url&quot;:&quot;https:\\\/\\\/www.lespiratesdecarnac.com\\\/wp-content\\\/uploads\\\/2024\\\/09\\\/IMG_E7389-scaled.jpg&quot;},{&quot;id&quot;:2548,&quot;url&quot;:&quot;https:\\\/\\\/www.lespiratesdecarnac.com\\\/wp-content\\\/uploads\\\/2024\\\/09\\\/IMG_8333-scaled.jpg&quot;}],&quot;background_motion_fx_translateY_effect&quot;:&quot;yes&quot;,&quot;background_motion_fx_translateY_affectedRange&quot;:{&quot;unit&quot;:&quot;%&quot;,&quot;size&quot;:&quot;&quot;,&quot;sizes&quot;:{&quot;start&quot;:0,&quot;end&quot;:100}},&quot;background_motion_fx_devices&quot;:[&quot;desktop&quot;,&quot;tablet&quot;,&quot;mobile&quot;],&quot;background_slideshow_loop&quot;:&quot;yes&quot;,&quot;background_slideshow_slide_duration&quot;:5000,&quot;background_slideshow_slide_transition&quot;:&quot;fade&quot;,&quot;background_slideshow_transition_duration&quot;:500,&quot;background_slideshow_ken_burns_zoom_direction&quot;:&quot;in&quot;}\">\n\t\t\t\t<\/div>\n\t\t\t\t<\/div>\n\t\t<div class=\"elementor-element elementor-element-8254d8e e-con-full e-flex e-con e-parent\" data-id=\"8254d8e\" data-element_type=\"container\" data-e-type=\"container\" data-settings=\"{&quot;background_background&quot;:&quot;classic&quot;}\">\n\t\t<div class=\"elementor-element elementor-element-bd171f2 e-con-full e-flex e-con e-child\" data-id=\"bd171f2\" data-element_type=\"container\" data-e-type=\"container\">\n\t\t\t\t<div class=\"elementor-element elementor-element-cb1129c elementor-widget elementor-widget-heading\" data-id=\"cb1129c\" data-element_type=\"widget\" data-e-type=\"widget\" data-widget_type=\"heading.default\">\n\t\t\t\t\t<h2 class=\"elementor-heading-title elementor-size-default\">Les services suppl\u00e9mentaires disponibles chez Les Pirates de Carnac en juillet et en Ao\u00fbt<\/h2>\t\t\t\t<\/div>\n\t\t\t\t<div class=\"elementor-element elementor-element-48a1786 elementor-widget elementor-widget-text-editor\" data-id=\"48a1786\" data-element_type=\"widget\" data-e-type=\"widget\" data-widget_type=\"text-editor.default\">\n\t\t\t\t\t\t\t\t\t<p>Au mois de juillet et ao\u00fbt, vous retrouverez des horaires d\u2019ouverture prolong\u00e9s ainsi que diverses animations qui viendront rythmer votre s\u00e9jour au <a href=\"https:\/\/lespiratesdecarnac.com\/camping-carnac\/\" target=\"_blank\" rel=\"noopener\">camping charme familial et ind\u00e9pendant \u00e0 Carnac<\/a>, Les Bruy\u00e8res. Ainsi, vous pourrez compter sur :<\/p><ul><li>La\u00a0<strong>r\u00e9ception<\/strong> est ouverte tous les jours, de <strong>9h \u00e0 19h<\/strong>.<\/li><li>L&rsquo;\u00e9picerie est ouverte\u00a0 ainsi que la boulangerie (sur r\u00e9servation)<\/li><li>Le snack et les plats \u00e0 emporter, sont aussi des lieux de vie id\u00e9als pour passer d&rsquo;agr\u00e9ables moments lors de nos <a href=\"https:\/\/lespiratesdecarnac.com\/animation-mini-club\/\" target=\"_blank\" rel=\"noopener noreferrer\">soir\u00e9es \u00e0 th\u00e8mes organis\u00e9es<\/a>.<\/li><li>Parmi elles, on retrouve les soir\u00e9es Moules-frites, pizzas, karaok\u00e9, \u00ab\u00a0movie quizz\u00a0\u00bb, etc. Une \u00e0 deux fois par semaine, des intervenants vous feront profiter de concert salsa, rockabilly, spectacle, spectacle d&rsquo; hypnose, soir\u00e9e dansante\u2026 Pendant la saison estivale, les vacanciers auront ainsi la possibilit\u00e9 de rejoindre les 5 soir\u00e9es organis\u00e9es chaque semaine, de quoi rythmer leurs vacances au <strong>camping \u00e0 Carnac<\/strong>\u00a0!<\/li><li>Des activit\u00e9s \u00e0 l&rsquo;ext\u00e9rieur du camping vous sont propos\u00e9es \u00e0 des prix n\u00e9goci\u00e9s pour vous.<\/li><li>Des activit\u00e9s vous sont propos\u00e9s dans le camping car des prestataires ext\u00e9rieurs, sur r\u00e9servation, telles que des massages, de l&rsquo;aguasofro, des s\u00e9ances de massage et de yoga,des balades \u00e0 poneys&#8230;<\/li><li>Diff\u00e9rents jeux de soci\u00e9t\u00e9 vous sont pr\u00eat\u00e9s \u00e0 la r\u00e9ception<\/li><\/ul>\t\t\t\t\t\t\t\t<\/div>\n\t\t\t\t<\/div>\n\t\t<div class=\"elementor-element elementor-element-1e20a32 e-con-full elementor-hidden-mobile e-flex e-con e-child\" data-id=\"1e20a32\" data-element_type=\"container\" data-e-type=\"container\" data-settings=\"{&quot;background_background&quot;:&quot;slideshow&quot;,&quot;background_slideshow_lazyload&quot;:&quot;yes&quot;,&quot;background_slideshow_ken_burns&quot;:&quot;yes&quot;,&quot;background_motion_fx_translateY_speed&quot;:{&quot;unit&quot;:&quot;px&quot;,&quot;size&quot;:2,&quot;sizes&quot;:[]},&quot;background_slideshow_gallery&quot;:[{&quot;id&quot;:5494,&quot;url&quot;:&quot;https:\\\/\\\/www.lespiratesdecarnac.com\\\/wp-content\\\/uploads\\\/2025\\\/10\\\/IMG_1366-scaled.jpg&quot;},{&quot;id&quot;:5493,&quot;url&quot;:&quot;https:\\\/\\\/www.lespiratesdecarnac.com\\\/wp-content\\\/uploads\\\/2025\\\/10\\\/IMG_0692-scaled.jpg&quot;},{&quot;id&quot;:5495,&quot;url&quot;:&quot;https:\\\/\\\/www.lespiratesdecarnac.com\\\/wp-content\\\/uploads\\\/2025\\\/10\\\/IMG_1369-scaled.jpg&quot;},{&quot;id&quot;:84,&quot;url&quot;:&quot;https:\\\/\\\/www.lespiratesdecarnac.com\\\/wp-content\\\/uploads\\\/2023\\\/11\\\/05-f7934396ba.jpeg&quot;},{&quot;id&quot;:5496,&quot;url&quot;:&quot;https:\\\/\\\/www.lespiratesdecarnac.com\\\/wp-content\\\/uploads\\\/2025\\\/10\\\/IMG_1370-scaled.jpg&quot;},{&quot;id&quot;:83,&quot;url&quot;:&quot;https:\\\/\\\/www.lespiratesdecarnac.com\\\/wp-content\\\/uploads\\\/2023\\\/11\\\/Z-IMG_7742.jpg&quot;}],&quot;background_motion_fx_translateY_effect&quot;:&quot;yes&quot;,&quot;background_motion_fx_translateY_affectedRange&quot;:{&quot;unit&quot;:&quot;%&quot;,&quot;size&quot;:&quot;&quot;,&quot;sizes&quot;:{&quot;start&quot;:0,&quot;end&quot;:100}},&quot;background_motion_fx_devices&quot;:[&quot;desktop&quot;,&quot;tablet&quot;,&quot;mobile&quot;],&quot;background_slideshow_loop&quot;:&quot;yes&quot;,&quot;background_slideshow_slide_duration&quot;:5000,&quot;background_slideshow_slide_transition&quot;:&quot;fade&quot;,&quot;background_slideshow_transition_duration&quot;:500,&quot;background_slideshow_ken_burns_zoom_direction&quot;:&quot;in&quot;}\">\n\t\t\t\t<\/div>\n\t\t\t\t<\/div>\n\t\t<div class=\"elementor-element elementor-element-222a98e e-con-full e-flex e-con e-parent\" data-id=\"222a98e\" data-element_type=\"container\" data-e-type=\"container\" data-settings=\"{&quot;background_background&quot;:&quot;classic&quot;}\">\n\t\t<div class=\"elementor-element elementor-element-3794820 e-con-full e-flex e-con e-child\" data-id=\"3794820\" data-element_type=\"container\" data-e-type=\"container\">\n\t\t\t\t<div class=\"elementor-element elementor-element-bed4d55 elementor-widget-tablet__width-initial elementor-widget-mobile__width-inherit elementor-widget__width-initial elementor-position-top elementor-widget elementor-widget-image-box\" data-id=\"bed4d55\" data-element_type=\"widget\" data-e-type=\"widget\" data-widget_type=\"image-box.default\">\n\t\t\t\t\t<div class=\"elementor-image-box-wrapper\"><figure class=\"elementor-image-box-img\"><a href=\"https:\/\/www.tourismebretagne.com\/\" target=\"_blank\" tabindex=\"-1\"><img decoding=\"async\" width=\"80\" height=\"58\" src=\"https:\/\/www.lespiratesdecarnac.com\/wp-content\/uploads\/2023\/11\/wifi.png\" class=\"elementor-animation-grow attachment-medium size-medium wp-image-798\" alt=\"\" srcset=\"https:\/\/www.lespiratesdecarnac.com\/wp-content\/uploads\/2023\/11\/wifi.png 80w, https:\/\/www.lespiratesdecarnac.com\/wp-content\/uploads\/2023\/11\/wifi-18x12.png 18w\" sizes=\"(max-width: 80px) 100vw, 80px\" \/><\/a><\/figure><\/div>\t\t\t\t<\/div>\n\t\t\t\t<div class=\"elementor-element elementor-element-23824d5 elementor-widget elementor-widget-text-editor\" data-id=\"23824d5\" data-element_type=\"widget\" data-e-type=\"widget\" data-widget_type=\"text-editor.default\">\n\t\t\t\t\t\t\t\t\t<p>Le WIFI est disponible sur tout le camping. Diff\u00e9rents forfaits vous seront propos\u00e9s selon vos besoins.<\/p>\t\t\t\t\t\t\t\t<\/div>\n\t\t\t\t<\/div>\n\t\t\t\t<\/div>\n\t\t<div class=\"elementor-element elementor-element-36e896c animated-slow e-con-full e-flex elementor-invisible e-con e-parent\" data-id=\"36e896c\" data-element_type=\"container\" data-e-type=\"container\" data-settings=\"{&quot;background_background&quot;:&quot;classic&quot;,&quot;animation&quot;:&quot;slideInUp&quot;,&quot;animation_delay&quot;:1000}\">\n\t\t<div class=\"elementor-element elementor-element-ecd98b9 e-con-full e-flex e-con e-child\" data-id=\"ecd98b9\" data-element_type=\"container\" data-e-type=\"container\">\n\t\t\t\t<div class=\"elementor-element elementor-element-3355e3e elementor-widget-tablet__width-initial elementor-widget-mobile__width-inherit elementor-widget__width-initial elementor-position-top elementor-widget elementor-widget-image-box\" data-id=\"3355e3e\" data-element_type=\"widget\" data-e-type=\"widget\" data-widget_type=\"image-box.default\">\n\t\t\t\t\t<div class=\"elementor-image-box-wrapper\"><figure class=\"elementor-image-box-img\"><a href=\"https:\/\/lespiratesdecarnac.com\/animation-mini-club\/\" target=\"_blank\" tabindex=\"-1\"><img decoding=\"async\" src=\"https:\/\/www.lespiratesdecarnac.com\/wp-content\/uploads\/elementor\/thumbs\/aire-jeux-pano-scaled-1-rbgl6go1j109rq3drj4h6noznmaxrih2nks9g29jm0.jpg\" title=\"aire jeux pano\" alt=\"Club enfant &quot;Le Rep\u00e8re des Petits Pirates&quot;, chez Les Pirates de Carnac, dans le Morbihan, en Bretagne Sud\" class=\"elementor-animation-grow\" loading=\"lazy\" \/><\/a><\/figure><div class=\"elementor-image-box-content\"><h3 class=\"elementor-image-box-title\"><a href=\"https:\/\/lespiratesdecarnac.com\/animation-mini-club\/\" target=\"_blank\">Club Enfants \"Le Repere des Petits Pirates\"<\/a><\/h3><p class=\"elementor-image-box-description\">D\u00e9couvrez un camping familial dans le Morbihan avec des animations diverses et captivantes qui raviront petits et grands.<\/p><\/div><\/div>\t\t\t\t<\/div>\n\t\t\t\t<div class=\"elementor-element elementor-element-d1fc11d elementor-widget-tablet__width-initial elementor-widget-mobile__width-inherit elementor-widget__width-initial elementor-position-top elementor-widget elementor-widget-image-box\" data-id=\"d1fc11d\" data-element_type=\"widget\" data-e-type=\"widget\" data-widget_type=\"image-box.default\">\n\t\t\t\t\t<div class=\"elementor-image-box-wrapper\"><figure class=\"elementor-image-box-img\"><a href=\"https:\/\/lespiratesdecarnac.com\/location-mobil-home-carnac\/\" target=\"_blank\" tabindex=\"-1\"><img decoding=\"async\" src=\"https:\/\/www.lespiratesdecarnac.com\/wp-content\/uploads\/elementor\/thumbs\/MH-4-ch-pano-scaled-1-rbgl6hlvpv1k3c20m1j3r5gg906az7kszpfqxc85fs.jpg\" title=\"MH-4-ch-pano-scaled\" alt=\"MH-4-ch-pano-scaled\" class=\"elementor-animation-grow\" loading=\"lazy\" \/><\/a><\/figure><div class=\"elementor-image-box-content\"><h3 class=\"elementor-image-box-title\"><a href=\"https:\/\/lespiratesdecarnac.com\/location-mobil-home-carnac\/\" target=\"_blank\">Mobil-homes<\/a><\/h3><p class=\"elementor-image-box-description\">Venez d\u00e9couvrir notre s\u00e9lection de location de mobil home de 1 \u00e0 4 chambres \u00e0 Carnac tout confort pour toute la famille et \u00e9quip\u00e9 d'un raccordement TV TNT.<\/p><\/div><\/div>\t\t\t\t<\/div>\n\t\t\t\t<div class=\"elementor-element elementor-element-844e24f elementor-widget-tablet__width-initial elementor-widget-mobile__width-inherit elementor-widget__width-initial elementor-position-top elementor-widget elementor-widget-image-box\" data-id=\"844e24f\" data-element_type=\"widget\" data-e-type=\"widget\" data-widget_type=\"image-box.default\">\n\t\t\t\t\t<div class=\"elementor-image-box-wrapper\"><figure class=\"elementor-image-box-img\"><a href=\"https:\/\/lespiratesdecarnac.com\/emplacement-camping-carnac\/\" target=\"_blank\" tabindex=\"-1\"><img decoding=\"async\" src=\"https:\/\/www.lespiratesdecarnac.com\/wp-content\/uploads\/elementor\/thumbs\/Camping-pano-rbgl6hlvpv1k3c20m1j3r5gg906az7kszpfqxc85fs.jpg\" title=\"Camping pano\" alt=\"Emplacement camping Les Bruy\u00e8res de Carnac, Golfe du Morbihan, Bretagne Sud, France\" class=\"elementor-animation-grow\" loading=\"lazy\" \/><\/a><\/figure><div class=\"elementor-image-box-content\"><h3 class=\"elementor-image-box-title\"><a href=\"https:\/\/lespiratesdecarnac.com\/emplacement-camping-carnac\/\" target=\"_blank\">Emplacements<\/a><\/h3><p class=\"elementor-image-box-description\">Nos emplacements spacieux et ombrag\u00e9s accueillent les caravanes, campings cars et tentes dans de tr\u00e8s jolis espaces.<\/p><\/div><\/div>\t\t\t\t<\/div>\n\t\t\t\t<div class=\"elementor-element elementor-element-a0c8425 elementor-widget-tablet__width-initial elementor-widget-mobile__width-inherit elementor-widget__width-initial elementor-position-top elementor-widget elementor-widget-image-box\" data-id=\"a0c8425\" data-element_type=\"widget\" data-e-type=\"widget\" data-widget_type=\"image-box.default\">\n\t\t\t\t\t<div class=\"elementor-image-box-wrapper\"><figure class=\"elementor-image-box-img\"><a href=\"https:\/\/lespiratesdecarnac.com\/camping-carnac-piscine-couverte-chauffee\/\" target=\"_blank\" tabindex=\"-1\"><img decoding=\"async\" src=\"https:\/\/www.lespiratesdecarnac.com\/wp-content\/uploads\/elementor\/thumbs\/piscine-pano-2-scaled-1-rbgl6hlvpv1k3c20m1j3r5gg906az7kszpfqxc85fs.jpg\" title=\"piscine pano 2\" alt=\"piscine pano 2\" class=\"elementor-animation-grow\" loading=\"lazy\" \/><\/a><\/figure><div class=\"elementor-image-box-content\"><h3 class=\"elementor-image-box-title\"><a href=\"https:\/\/lespiratesdecarnac.com\/camping-carnac-piscine-couverte-chauffee\/\" target=\"_blank\">Piscine<\/a><\/h3><p class=\"elementor-image-box-description\">Profitez de notre camping avec piscine couverte et chauff\u00e9e \u00e0 28\u00b0 qui vous permet de profiter de l'eau par tous les temps, d\u00e8s le d\u00e9but de la saison.<\/p><\/div><\/div>\t\t\t\t<\/div>\n\t\t\t\t<\/div>\n\t\t\t\t<\/div>\n\t\t<div class=\"elementor-element elementor-element-329898c e-con-full e-flex e-con e-parent\" data-id=\"329898c\" data-element_type=\"container\" data-e-type=\"container\" data-settings=\"{&quot;background_background&quot;:&quot;classic&quot;}\">\n\t\t<div class=\"elementor-element elementor-element-ca7200c e-con-full e-flex e-con e-child\" data-id=\"ca7200c\" data-element_type=\"container\" data-e-type=\"container\">\n\t\t\t\t<div class=\"elementor-element elementor-element-f4b3041 elementor-widget elementor-widget-heading\" data-id=\"f4b3041\" data-element_type=\"widget\" data-e-type=\"widget\" data-widget_type=\"heading.default\">\n\t\t\t\t\t<h2 class=\"elementor-heading-title elementor-size-default\">Un \u00e9quipage \u00e0 votre service :<\/h2>\t\t\t\t<\/div>\n\t\t\t\t<div class=\"elementor-element elementor-element-ed9d65a elementor-widget elementor-widget-text-editor\" data-id=\"ed9d65a\" data-element_type=\"widget\" data-e-type=\"widget\" data-widget_type=\"text-editor.default\">\n\t\t\t\t\t\t\t\t\t<p>Bienvenue \u00e0 bord du Camping Les Pirates de Carnac (anciennement Les Bruy\u00e8res de Carnac), o\u00f9 l&rsquo;\u00e9quipage, agr\u00e9ment\u00e9 de touches pirates et accompagn\u00e9 de la petite Gaia, travaille en harmonie pour cr\u00e9er une exp\u00e9rience inoubliable. Embarquons ensemble dans cette aventure o\u00f9 chaque membre de l&rsquo;\u00e9quipage contribue \u00e0 tisser des souvenirs m\u00e9morables.<\/p><p><strong>Capitaine de l&rsquo;Aventure :<\/strong> <strong>Chrystelle<\/strong> gouverne le navire avec la d\u00e9termination d&rsquo;une pirate chevronn\u00e9e. Elle guide l&rsquo;\u00e9quipage des Pirates de Carnac vers des horizons pleins de promesses, o\u00f9 chaque vacancier devient un membre de la grande famille des Pirates et Moussaillons.<\/p><p><strong>Ma\u00eetre de la R\u00e9ception :<\/strong> \u00c0 la r\u00e9ception, <strong>Victor<\/strong> accueille les visiteurs avec la cordialit\u00e9 d&rsquo;un corsaire chevronn\u00e9. Gardien des informations pr\u00e9cieuses et des cl\u00e9s du camping, il assure une arriv\u00e9e fluide, transformant la r\u00e9ception en un pont d&#8217;embarquement o\u00f9 commence l&rsquo;aventure.<\/p><p><strong>Chef de l&rsquo;Harmonie Technique :<\/strong> Dans l&rsquo;ombre, <strong>Ronan<\/strong> incarne le chef de l&rsquo;harmonie technique, veillant \u00e0 ce que le navire des Pirates de Carnac reste en parfait \u00e9tat de navigation. Tel un m\u00e9canicien pirate, il s&rsquo;assure que toutes les infrastructures fonctionnent \u00e0 merveille pour le confort des visiteurs.<\/p><p><strong>Maestro de l&rsquo;Animation :<\/strong> Sous le soleil breton, <strong>Gabin\u00a0<\/strong>fait office de maestro de l&rsquo;animation, orchestrant des festivit\u00e9s dignes d&rsquo;un rep\u00e8re de pirates. Ses id\u00e9es cr\u00e9atives transforment le camping en un lieu o\u00f9 r\u00e8gne l&rsquo;esprit festif, avec des activit\u00e9s qui r\u00e9sonnent comme des chants de marins.<\/p><p><strong>F\u00e9e du Logis Pirate :<\/strong> Avec discr\u00e9tion et efficacit\u00e9, <strong>Aude <\/strong>et<strong> Jo\u00eblle<\/strong> veillent \u00e0 la propret\u00e9 des cabines et des ponts du navire. Gr\u00e2ce \u00e0 elles, chaque recoin du camping brille comme un tr\u00e9sor fra\u00eechement d\u00e9couvert.<\/p><p class=\"\" data-start=\"96\" data-end=\"587\"><strong data-start=\"96\" data-end=\"148\">Nouveaut\u00e9 au Snack \u00ab Le Triangle des Pirates \u00bb !<\/strong><br data-start=\"148\" data-end=\"151\" \/>Une nouvelle \u00e9quipe pleine d\u2019\u00e9nergie a pris la barre ! Jean-Charles, notre nouveau Virtuose de la Pizza, vous pr\u00e9pare des recettes savoureuses dignes des plus grands tr\u00e9sors gourmands.<br data-start=\"333\" data-end=\"336\" \/>\u00c0 ses c\u00f4t\u00e9s,\u00a0 Cathy, Magicienne du Service, vous accueille avec un sourire \u00e9clatant et une gentillesse qui ferait fondre m\u00eame les pires flibustiers.<br data-start=\"483\" data-end=\"486\" \/>Un duo complice pour faire de chaque pause au snack une v\u00e9ritable aventure gustative et chaleureuse !<\/p><p><strong>La Petite Exploratrice :<\/strong> Parmi l&rsquo;\u00e9quipage, <strong>Gaia<\/strong>, la petite chatte noire et blanche, devient la complice des aventuriers. En se faufilant entre les ponts du navire, elle ajoute une touche de douceur f\u00e9line \u00e0 cette aventure corsaire.<\/p><p>Cet \u00e9quipage, avec Chrystelle, Victor, Ronan, Gabin, Aude, Jo\u00eblle, Cathy et Jean-Charles et la petite Gaia, forme une famille pirate d\u00e9termin\u00e9e \u00e0 faire de chaque s\u00e9jour aux Pirates de Carnac une aventure exceptionnelle. Embarquez avec eux et laissez-vous emporter par cette exp\u00e9rience unique, o\u00f9 l&rsquo;esprit pirate, la convivialit\u00e9 et la complicit\u00e9 cr\u00e9ent une symphonie maritime inoubliable sur L<strong>a Terre de L\u00e9gende des Pirates de Carnac.<\/strong><\/p>\t\t\t\t\t\t\t\t<\/div>\n\t\t\t\t<\/div>\n\t\t\t\t<\/div>\n\t\t<div class=\"elementor-element elementor-element-15dd737 e-flex e-con-boxed e-con e-parent\" data-id=\"15dd737\" data-element_type=\"container\" data-e-type=\"container\" data-settings=\"{&quot;background_background&quot;:&quot;classic&quot;,&quot;shape_divider_top&quot;:&quot;mountains&quot;,&quot;shape_divider_bottom&quot;:&quot;mountains&quot;,&quot;background_motion_fx_motion_fx_scrolling&quot;:&quot;yes&quot;,&quot;background_motion_fx_translateY_effect&quot;:&quot;yes&quot;,&quot;background_motion_fx_translateY_speed&quot;:{&quot;unit&quot;:&quot;px&quot;,&quot;size&quot;:5,&quot;sizes&quot;:[]},&quot;background_motion_fx_translateY_affectedRange&quot;:{&quot;unit&quot;:&quot;%&quot;,&quot;size&quot;:&quot;&quot;,&quot;sizes&quot;:{&quot;start&quot;:0,&quot;end&quot;:100}},&quot;background_motion_fx_devices&quot;:[&quot;desktop&quot;,&quot;tablet&quot;,&quot;mobile&quot;]}\">\n\t\t\t\t\t<div class=\"e-con-inner\">\n\t\t\t\t<div class=\"elementor-shape elementor-shape-top\" aria-hidden=\"true\" data-negative=\"false\">\n\t\t\t<svg xmlns=\"http:\/\/www.w3.org\/2000\/svg\" viewBox=\"0 0 1000 100\" preserveAspectRatio=\"none\">\n\t<path class=\"elementor-shape-fill\" opacity=\"0.33\" d=\"M473,67.3c-203.9,88.3-263.1-34-320.3,0C66,119.1,0,59.7,0,59.7V0h1000v59.7 c0,0-62.1,26.1-94.9,29.3c-32.8,3.3-62.8-12.3-75.8-22.1C806,49.6,745.3,8.7,694.9,4.7S492.4,59,473,67.3z\"\/>\n\t<path class=\"elementor-shape-fill\" opacity=\"0.66\" d=\"M734,67.3c-45.5,0-77.2-23.2-129.1-39.1c-28.6-8.7-150.3-10.1-254,39.1 s-91.7-34.4-149.2,0C115.7,118.3,0,39.8,0,39.8V0h1000v36.5c0,0-28.2-18.5-92.1-18.5C810.2,18.1,775.7,67.3,734,67.3z\"\/>\n\t<path class=\"elementor-shape-fill\" d=\"M766.1,28.9c-200-57.5-266,65.5-395.1,19.5C242,1.8,242,5.4,184.8,20.6C128,35.8,132.3,44.9,89.9,52.5C28.6,63.7,0,0,0,0 h1000c0,0-9.9,40.9-83.6,48.1S829.6,47,766.1,28.9z\"\/>\n<\/svg>\t\t<\/div>\n\t\t\t\t<div class=\"elementor-shape elementor-shape-bottom\" aria-hidden=\"true\" data-negative=\"false\">\n\t\t\t<svg xmlns=\"http:\/\/www.w3.org\/2000\/svg\" viewBox=\"0 0 1000 100\" preserveAspectRatio=\"none\">\n\t<path class=\"elementor-shape-fill\" opacity=\"0.33\" d=\"M473,67.3c-203.9,88.3-263.1-34-320.3,0C66,119.1,0,59.7,0,59.7V0h1000v59.7 c0,0-62.1,26.1-94.9,29.3c-32.8,3.3-62.8-12.3-75.8-22.1C806,49.6,745.3,8.7,694.9,4.7S492.4,59,473,67.3z\"\/>\n\t<path class=\"elementor-shape-fill\" opacity=\"0.66\" d=\"M734,67.3c-45.5,0-77.2-23.2-129.1-39.1c-28.6-8.7-150.3-10.1-254,39.1 s-91.7-34.4-149.2,0C115.7,118.3,0,39.8,0,39.8V0h1000v36.5c0,0-28.2-18.5-92.1-18.5C810.2,18.1,775.7,67.3,734,67.3z\"\/>\n\t<path class=\"elementor-shape-fill\" d=\"M766.1,28.9c-200-57.5-266,65.5-395.1,19.5C242,1.8,242,5.4,184.8,20.6C128,35.8,132.3,44.9,89.9,52.5C28.6,63.7,0,0,0,0 h1000c0,0-9.9,40.9-83.6,48.1S829.6,47,766.1,28.9z\"\/>\n<\/svg>\t\t<\/div>\n\t\t<div class=\"elementor-element elementor-element-b4cdd09 e-flex e-con-boxed e-con e-child\" data-id=\"b4cdd09\" data-element_type=\"container\" data-e-type=\"container\" data-settings=\"{&quot;background_background&quot;:&quot;classic&quot;}\">\n\t\t\t\t\t<div class=\"e-con-inner\">\n\t\t\t\t<div class=\"elementor-element elementor-element-5c545bf elementor-widget elementor-widget-image\" data-id=\"5c545bf\" data-element_type=\"widget\" data-e-type=\"widget\" data-widget_type=\"image.default\">\n\t\t\t\t\t\t\t\t\t\t\t\t\t\t\t<img fetchpriority=\"high\" decoding=\"async\" width=\"800\" height=\"488\" src=\"https:\/\/www.lespiratesdecarnac.com\/wp-content\/uploads\/2023\/11\/Untitled-5-1024x624.png\" class=\"attachment-large size-large wp-image-210\" alt=\"\" srcset=\"https:\/\/www.lespiratesdecarnac.com\/wp-content\/uploads\/2023\/11\/Untitled-5-1024x624.png 1024w, https:\/\/www.lespiratesdecarnac.com\/wp-content\/uploads\/2023\/11\/Untitled-5-300x183.png 300w, https:\/\/www.lespiratesdecarnac.com\/wp-content\/uploads\/2023\/11\/Untitled-5-768x468.png 768w, https:\/\/www.lespiratesdecarnac.com\/wp-content\/uploads\/2023\/11\/Untitled-5-1536x936.png 1536w, https:\/\/www.lespiratesdecarnac.com\/wp-content\/uploads\/2023\/11\/Untitled-5-18x12.png 18w, https:\/\/www.lespiratesdecarnac.com\/wp-content\/uploads\/2023\/11\/Untitled-5.png 1726w\" sizes=\"(max-width: 800px) 100vw, 800px\" \/>\t\t\t\t\t\t\t\t\t\t\t\t\t\t\t<\/div>\n\t\t\t\t<div class=\"elementor-element elementor-element-98ce7ae elementor-widget elementor-widget-heading\" data-id=\"98ce7ae\" data-element_type=\"widget\" data-e-type=\"widget\" data-widget_type=\"heading.default\">\n\t\t\t\t\t<p class=\"elementor-heading-title elementor-size-default\"><strong>Camping carnac 4 \u00e9toiles, Les PIRATES DE CARNAC<\/strong><\/p>\t\t\t\t<\/div>\n\t\t\t\t<div class=\"elementor-element elementor-element-47757d0 elementor-widget elementor-widget-heading\" data-id=\"47757d0\" data-element_type=\"widget\" data-e-type=\"widget\" data-widget_type=\"heading.default\">\n\t\t\t\t\t<p class=\"elementor-heading-title elementor-size-default\">Profitez des services propos\u00e9s par les pirates de carnac\nPuissiez-vous naviguer vers des horizons remplis de rires et de moments m\u00e9morables. \nQue chaque jour soit une nouvelle aventure riche en amiti\u00e9s et tr\u00e9sors.<\/p>\t\t\t\t<\/div>\n\t\t\t\t\t<\/div>\n\t\t\t\t<\/div>\n\t\t\t\t\t<\/div>\n\t\t\t\t<\/div>\n\t\t\t\t<\/div>\n\t\t","protected":false},"excerpt":{"rendered":"<p>Les Pirates a Carnac - Snack Bar Drogheria Panetteria da asporto disponibile presso il campeggio Les Bruy\u00e8res a Carnac Baie de Quiberon Morbihan Bretagna Sud Francia<\/p>","protected":false},"author":1,"featured_media":7,"parent":0,"menu_order":0,"comment_status":"closed","ping_status":"open","template":"","meta":{"inline_featured_image":false,"footnotes":""},"categories":[],"tags":[],"class_list":["post-1162","page","type-page","status-publish","has-post-thumbnail","hentry"],"yoast_head":"<!-- This site is optimized with the Yoast SEO plugin v27.5 - https:\/\/yoast.com\/product\/yoast-seo-wordpress\/ -->\n<title>Nos services - Camping Carnac 4 \u00e9toiles - Les Bruy\u00e8res de Carnac<\/title>\n<meta name=\"description\" content=\"Un large choix de services Pirates vous attend au camping \u00e0 Carnac 4* : piscine, restauration, animations. Au coeur de la Baie de Quiberon !\" \/>\n<meta name=\"robots\" content=\"index, follow, max-snippet:-1, max-image-preview:large, max-video-preview:-1\" \/>\n<link rel=\"canonical\" href=\"https:\/\/www.lespiratesdecarnac.com\/it\/servizi\/\" \/>\n<meta property=\"og:locale\" content=\"it_IT\" \/>\n<meta property=\"og:type\" content=\"article\" \/>\n<meta property=\"og:title\" content=\"Nos services - Camping Carnac 4 \u00e9toiles - Les Bruy\u00e8res de Carnac\" \/>\n<meta property=\"og:description\" content=\"Un large choix de services Pirates vous attend au camping \u00e0 Carnac 4* : piscine, restauration, animations. Au coeur de la Baie de Quiberon !\" \/>\n<meta property=\"og:url\" content=\"https:\/\/www.lespiratesdecarnac.com\/it\/servizi\/\" \/>\n<meta property=\"og:site_name\" content=\"Les Pirates de carnac\" \/>\n<meta property=\"article:publisher\" content=\"https:\/\/www.facebook.com\/Camping.les.Bruyeres.Carnac\" \/>\n<meta property=\"article:modified_time\" content=\"2026-04-27T16:29:11+00:00\" \/>\n<meta property=\"og:image\" content=\"https:\/\/www.lespiratesdecarnac.com\/wp-content\/uploads\/2023\/11\/NEW-LOGO-4-PIRATES-e1715868270390.jpg\" \/>\n\t<meta property=\"og:image:width\" content=\"1024\" \/>\n\t<meta property=\"og:image:height\" content=\"1024\" \/>\n\t<meta property=\"og:image:type\" content=\"image\/jpeg\" \/>\n<meta name=\"twitter:card\" content=\"summary_large_image\" \/>\n<meta name=\"twitter:label1\" content=\"Tempo di lettura stimato\" \/>\n\t<meta name=\"twitter:data1\" content=\"9 minuti\" \/>\n<script type=\"application\/ld+json\" class=\"yoast-schema-graph\">{\"@context\":\"https:\\\/\\\/schema.org\",\"@graph\":[{\"@type\":\"WebPage\",\"@id\":\"https:\\\/\\\/www.lespiratesdecarnac.com\\\/services\\\/\",\"url\":\"https:\\\/\\\/www.lespiratesdecarnac.com\\\/services\\\/\",\"name\":\"Nos services - Camping Carnac 4 \u00e9toiles - Les Bruy\u00e8res de Carnac\",\"isPartOf\":{\"@id\":\"https:\\\/\\\/www.lespiratesdecarnac.com\\\/#website\"},\"primaryImageOfPage\":{\"@id\":\"https:\\\/\\\/www.lespiratesdecarnac.com\\\/services\\\/#primaryimage\"},\"image\":{\"@id\":\"https:\\\/\\\/www.lespiratesdecarnac.com\\\/services\\\/#primaryimage\"},\"thumbnailUrl\":\"https:\\\/\\\/www.lespiratesdecarnac.com\\\/wp-content\\\/uploads\\\/2023\\\/11\\\/NEW-LOGO-4-PIRATES-e1715868270390.jpg\",\"datePublished\":\"2023-11-25T11:31:50+00:00\",\"dateModified\":\"2026-04-27T16:29:11+00:00\",\"description\":\"Un large choix de services Pirates vous attend au camping \u00e0 Carnac 4* : piscine, restauration, animations. Au coeur de la Baie de Quiberon !\",\"inLanguage\":\"it-IT\",\"potentialAction\":[{\"@type\":\"ReadAction\",\"target\":[\"https:\\\/\\\/www.lespiratesdecarnac.com\\\/services\\\/\"]}]},{\"@type\":\"ImageObject\",\"inLanguage\":\"it-IT\",\"@id\":\"https:\\\/\\\/www.lespiratesdecarnac.com\\\/services\\\/#primaryimage\",\"url\":\"https:\\\/\\\/www.lespiratesdecarnac.com\\\/wp-content\\\/uploads\\\/2023\\\/11\\\/NEW-LOGO-4-PIRATES-e1715868270390.jpg\",\"contentUrl\":\"https:\\\/\\\/www.lespiratesdecarnac.com\\\/wp-content\\\/uploads\\\/2023\\\/11\\\/NEW-LOGO-4-PIRATES-e1715868270390.jpg\",\"width\":1024,\"height\":1024,\"caption\":\"Retrouvez les Pirates \u00e0 Carnac - Camping Les Bruy\u00e8res de Carnac Baie de Quiberon Morbihan Bretagne Sud France\"},{\"@type\":\"WebSite\",\"@id\":\"https:\\\/\\\/www.lespiratesdecarnac.com\\\/#website\",\"url\":\"https:\\\/\\\/www.lespiratesdecarnac.com\\\/\",\"name\":\"Les Pirates de carnac\",\"description\":\"Camping \u00e0 Carnac 4 \u00e9toiles\",\"publisher\":{\"@id\":\"https:\\\/\\\/www.lespiratesdecarnac.com\\\/#organization\"},\"potentialAction\":[{\"@type\":\"SearchAction\",\"target\":{\"@type\":\"EntryPoint\",\"urlTemplate\":\"https:\\\/\\\/www.lespiratesdecarnac.com\\\/?s={search_term_string}\"},\"query-input\":{\"@type\":\"PropertyValueSpecification\",\"valueRequired\":true,\"valueName\":\"search_term_string\"}}],\"inLanguage\":\"it-IT\"},{\"@type\":\"Organization\",\"@id\":\"https:\\\/\\\/www.lespiratesdecarnac.com\\\/#organization\",\"name\":\"Camping Les Bruy\u00e8res de Carnac\",\"url\":\"https:\\\/\\\/www.lespiratesdecarnac.com\\\/\",\"logo\":{\"@type\":\"ImageObject\",\"inLanguage\":\"it-IT\",\"@id\":\"https:\\\/\\\/www.lespiratesdecarnac.com\\\/#\\\/schema\\\/logo\\\/image\\\/\",\"url\":\"https:\\\/\\\/lespiratesdecarnac.com\\\/wp-content\\\/uploads\\\/2023\\\/11\\\/lesbruyeresblanctete.png\",\"contentUrl\":\"https:\\\/\\\/lespiratesdecarnac.com\\\/wp-content\\\/uploads\\\/2023\\\/11\\\/lesbruyeresblanctete.png\",\"width\":12501,\"height\":5910,\"caption\":\"Camping Les Bruy\u00e8res de Carnac\"},\"image\":{\"@id\":\"https:\\\/\\\/www.lespiratesdecarnac.com\\\/#\\\/schema\\\/logo\\\/image\\\/\"},\"sameAs\":[\"https:\\\/\\\/www.facebook.com\\\/Camping.les.Bruyeres.Carnac\",\"https:\\\/\\\/www.instagram.com\\\/campinglesbruyeresdecarnac\\\/\"]}]}<\/script>\n<!-- \/ Yoast SEO plugin. -->","yoast_head_json":{"title":"Nos services - Camping Carnac 4 \u00e9toiles - Les Bruy\u00e8res de Carnac","description":"Un large choix de services Pirates vous attend au camping \u00e0 Carnac 4* : piscine, restauration, animations. Au coeur de la Baie de Quiberon !","robots":{"index":"index","follow":"follow","max-snippet":"max-snippet:-1","max-image-preview":"max-image-preview:large","max-video-preview":"max-video-preview:-1"},"canonical":"https:\/\/www.lespiratesdecarnac.com\/it\/servizi\/","og_locale":"it_IT","og_type":"article","og_title":"Nos services - Camping Carnac 4 \u00e9toiles - Les Bruy\u00e8res de Carnac","og_description":"Un large choix de services Pirates vous attend au camping \u00e0 Carnac 4* : piscine, restauration, animations. Au coeur de la Baie de Quiberon !","og_url":"https:\/\/www.lespiratesdecarnac.com\/it\/servizi\/","og_site_name":"Les Pirates de carnac","article_publisher":"https:\/\/www.facebook.com\/Camping.les.Bruyeres.Carnac","article_modified_time":"2026-04-27T16:29:11+00:00","og_image":[{"width":1024,"height":1024,"url":"https:\/\/www.lespiratesdecarnac.com\/wp-content\/uploads\/2023\/11\/NEW-LOGO-4-PIRATES-e1715868270390.jpg","type":"image\/jpeg"}],"twitter_card":"summary_large_image","twitter_misc":{"Tempo di lettura stimato":"9 minuti"},"schema":{"@context":"https:\/\/schema.org","@graph":[{"@type":"WebPage","@id":"https:\/\/www.lespiratesdecarnac.com\/services\/","url":"https:\/\/www.lespiratesdecarnac.com\/services\/","name":"Nos services - Camping Carnac 4 \u00e9toiles - Les Bruy\u00e8res de Carnac","isPartOf":{"@id":"https:\/\/www.lespiratesdecarnac.com\/#website"},"primaryImageOfPage":{"@id":"https:\/\/www.lespiratesdecarnac.com\/services\/#primaryimage"},"image":{"@id":"https:\/\/www.lespiratesdecarnac.com\/services\/#primaryimage"},"thumbnailUrl":"https:\/\/www.lespiratesdecarnac.com\/wp-content\/uploads\/2023\/11\/NEW-LOGO-4-PIRATES-e1715868270390.jpg","datePublished":"2023-11-25T11:31:50+00:00","dateModified":"2026-04-27T16:29:11+00:00","description":"Un large choix de services Pirates vous attend au camping \u00e0 Carnac 4* : piscine, restauration, animations. Au coeur de la Baie de Quiberon !","inLanguage":"it-IT","potentialAction":[{"@type":"ReadAction","target":["https:\/\/www.lespiratesdecarnac.com\/services\/"]}]},{"@type":"ImageObject","inLanguage":"it-IT","@id":"https:\/\/www.lespiratesdecarnac.com\/services\/#primaryimage","url":"https:\/\/www.lespiratesdecarnac.com\/wp-content\/uploads\/2023\/11\/NEW-LOGO-4-PIRATES-e1715868270390.jpg","contentUrl":"https:\/\/www.lespiratesdecarnac.com\/wp-content\/uploads\/2023\/11\/NEW-LOGO-4-PIRATES-e1715868270390.jpg","width":1024,"height":1024,"caption":"Retrouvez les Pirates \u00e0 Carnac - Camping Les Bruy\u00e8res de Carnac Baie de Quiberon Morbihan Bretagne Sud France"},{"@type":"WebSite","@id":"https:\/\/www.lespiratesdecarnac.com\/#website","url":"https:\/\/www.lespiratesdecarnac.com\/","name":"Les Pirates de carnac","description":"Camping \u00e0 Carnac 4 \u00e9toiles","publisher":{"@id":"https:\/\/www.lespiratesdecarnac.com\/#organization"},"potentialAction":[{"@type":"SearchAction","target":{"@type":"EntryPoint","urlTemplate":"https:\/\/www.lespiratesdecarnac.com\/?s={search_term_string}"},"query-input":{"@type":"PropertyValueSpecification","valueRequired":true,"valueName":"search_term_string"}}],"inLanguage":"it-IT"},{"@type":"Organization","@id":"https:\/\/www.lespiratesdecarnac.com\/#organization","name":"Campeggio Les Bruy\u00e8res de Carnac","url":"https:\/\/www.lespiratesdecarnac.com\/","logo":{"@type":"ImageObject","inLanguage":"it-IT","@id":"https:\/\/www.lespiratesdecarnac.com\/#\/schema\/logo\/image\/","url":"https:\/\/lespiratesdecarnac.com\/wp-content\/uploads\/2023\/11\/lesbruyeresblanctete.png","contentUrl":"https:\/\/lespiratesdecarnac.com\/wp-content\/uploads\/2023\/11\/lesbruyeresblanctete.png","width":12501,"height":5910,"caption":"Camping Les Bruy\u00e8res de Carnac"},"image":{"@id":"https:\/\/www.lespiratesdecarnac.com\/#\/schema\/logo\/image\/"},"sameAs":["https:\/\/www.facebook.com\/Camping.les.Bruyeres.Carnac","https:\/\/www.instagram.com\/campinglesbruyeresdecarnac\/"]}]}},"_links":{"self":[{"href":"https:\/\/www.lespiratesdecarnac.com\/it\/wp-json\/wp\/v2\/pages\/1162","targetHints":{"allow":["GET"]}}],"collection":[{"href":"https:\/\/www.lespiratesdecarnac.com\/it\/wp-json\/wp\/v2\/pages"}],"about":[{"href":"https:\/\/www.lespiratesdecarnac.com\/it\/wp-json\/wp\/v2\/types\/page"}],"author":[{"embeddable":true,"href":"https:\/\/www.lespiratesdecarnac.com\/it\/wp-json\/wp\/v2\/users\/1"}],"replies":[{"embeddable":true,"href":"https:\/\/www.lespiratesdecarnac.com\/it\/wp-json\/wp\/v2\/comments?post=1162"}],"version-history":[{"count":66,"href":"https:\/\/www.lespiratesdecarnac.com\/it\/wp-json\/wp\/v2\/pages\/1162\/revisions"}],"predecessor-version":[{"id":5804,"href":"https:\/\/www.lespiratesdecarnac.com\/it\/wp-json\/wp\/v2\/pages\/1162\/revisions\/5804"}],"wp:featuredmedia":[{"embeddable":true,"href":"https:\/\/www.lespiratesdecarnac.com\/it\/wp-json\/wp\/v2\/media\/7"}],"wp:attachment":[{"href":"https:\/\/www.lespiratesdecarnac.com\/it\/wp-json\/wp\/v2\/media?parent=1162"}],"wp:term":[{"taxonomy":"category","embeddable":true,"href":"https:\/\/www.lespiratesdecarnac.com\/it\/wp-json\/wp\/v2\/categories?post=1162"},{"taxonomy":"post_tag","embeddable":true,"href":"https:\/\/www.lespiratesdecarnac.com\/it\/wp-json\/wp\/v2\/tags?post=1162"}],"curies":[{"name":"wp","href":"https:\/\/api.w.org\/{rel}","templated":true}]}}